{"version":"1.0","provider_name":"Nova-Groupe","provider_url":"https:\/\/www.nova-groupe.fr\/fr\/","author_name":"Camille Zammit","author_url":"https:\/\/www.nova-groupe.fr\/fr\/author\/superadmin-novagroupe\/","title":"Foire de saint Andr\u00e9 les Alpes 22 Septembre 2018.","type":"rich","width":600,"height":338,"html":"<blockquote class=\"wp-embedded-content\" data-secret=\"YFtDouY6P3\"><a href=\"https:\/\/www.nova-groupe.fr\/fr\/foire-de-saint-andre-les-alpes\/\">Retrouvez nous \u00e0 la foire agricole de Saint Andr\u00e9 les Alpes (dept.04) le Samedi 22 Septembre<\/a><\/blockquote><iframe sandbox=\"allow-scripts\" security=\"restricted\" src=\"https:\/\/www.nova-groupe.fr\/fr\/foire-de-saint-andre-les-alpes\/embed\/#?secret=YFtDouY6P3\" width=\"600\" height=\"338\" title=\"\u00ab\u00a0Retrouvez nous \u00e0 la foire agricole de Saint Andr\u00e9 les Alpes (dept.04) le Samedi 22 Septembre\u00a0\u00bb &#8212; Nova-Groupe\" data-secret=\"YFtDouY6P3\" frameborder=\"0\" marginwidth=\"0\" marginheight=\"0\" scrolling=\"no\" class=\"wp-embedded-content\"><\/iframe><script type=\"text\/javascript\">\n\/* <![CDATA[ *\/\n\/*! This file is auto-generated *\/\n!function(d,l){\"use strict\";l.querySelector&&d.addEventListener&&\"undefined\"!=typeof URL&&(d.wp=d.wp||{},d.wp.receiveEmbedMessage||(d.wp.receiveEmbedMessage=function(e){var t=e.data;if((t||t.secret||t.message||t.value)&&!\/[^a-zA-Z0-9]\/.test(t.secret)){for(var s,r,n,a=l.querySelectorAll('iframe[data-secret=\"'+t.secret+'\"]'),o=l.querySelectorAll('blockquote[data-secret=\"'+t.secret+'\"]'),c=new RegExp(\"^https?:$\",\"i\"),i=0;i<o.length;i++)o[i].style.display=\"none\";for(i=0;i<a.length;i++)s=a[i],e.source===s.contentWindow&&(s.removeAttribute(\"style\"),\"height\"===t.message?(1e3<(r=parseInt(t.value,10))?r=1e3:~~r<200&&(r=200),s.height=r):\"link\"===t.message&&(r=new URL(s.getAttribute(\"src\")),n=new URL(t.value),c.test(n.protocol))&&n.host===r.host&&l.activeElement===s&&(d.top.location.href=t.value))}},d.addEventListener(\"message\",d.wp.receiveEmbedMessage,!1),l.addEventListener(\"DOMContentLoaded\",function(){for(var e,t,s=l.querySelectorAll(\"iframe.wp-embedded-content\"),r=0;r<s.length;r++)(t=(e=s[r]).getAttribute(\"data-secret\"))||(t=Math.random().toString(36).substring(2,12),e.src+=\"#?secret=\"+t,e.setAttribute(\"data-secret\",t)),e.contentWindow.postMessage({message:\"ready\",secret:t},\"*\")},!1)))}(window,document);\n\/\/# sourceURL=https:\/\/www.nova-groupe.fr\/wp-includes\/js\/wp-embed.min.js\n\/* ]]> *\/\n<\/script>\n","thumbnail_url":"https:\/\/www.nova-groupe.fr\/wp-content\/uploads\/2018\/08\/foire-st-andr\u00e9-les-alpes.jpg","thumbnail_width":5000,"thumbnail_height":2625,"description":"Samedi 22 Septembre Nova participera \u00e0 la foire de Saint Andr\u00e9 les Alpes dans le 04 alpes de haute provence Venez d\u00e9couvrir nos gammes de mat\u00e9riels Agricole, espaces verts et btp. Tracteur john deere, guidage gps ams, presse"}