{"id":42314,"date":"2023-12-07T10:29:16","date_gmt":"2023-12-07T09:29:16","guid":{"rendered":"https:\/\/www.nova-groupe.fr\/?page_id=42314"},"modified":"2024-02-05T10:03:51","modified_gmt":"2024-02-05T09:03:51","slug":"etesia-transport-et-manutention-et-lander","status":"publish","type":"page","link":"https:\/\/www.nova-groupe.fr\/fr\/nos-marques\/mobilite\/etesia-transport-et-manutention-et-lander\/","title":{"rendered":"ETESIA"},"content":{"rendered":"<p>[et_pb_section fb_built=\u00a0\u00bb1&Prime; _builder_version=\u00a0\u00bb4.18.0&Prime; background_enable_image=\u00a0\u00bboff\u00a0\u00bb background_size=\u00a0\u00bbcontain\u00a0\u00bb background_position=\u00a0\u00bbbottom_center\u00a0\u00bb locked=\u00a0\u00bboff\u00a0\u00bb global_colors_info=\u00a0\u00bb{}\u00a0\u00bb][et_pb_row disabled_on=\u00a0\u00bbon|on|on\u00a0\u00bb _builder_version=\u00a0\u00bb4.17.6&Prime; _module_preset=\u00a0\u00bbdefault\u00a0\u00bb custom_padding=\u00a0\u00bb||13px|||\u00a0\u00bb disabled=\u00a0\u00bbon\u00a0\u00bb global_colors_info=\u00a0\u00bb{}\u00a0\u00bb][et_pb_column type=\u00a0\u00bb4_4&Prime; _builder_version=\u00a0\u00bb4.17.6&Prime; _module_preset=\u00a0\u00bbdefault\u00a0\u00bb global_colors_info=\u00a0\u00bb{}\u00a0\u00bb][et_pb_text admin_label=\u00a0\u00bbLettres manutention\u00a0\u00bb _builder_version=\u00a0\u00bb4.23.1&Prime; _module_preset=\u00a0\u00bbdefault\u00a0\u00bb text_font=\u00a0\u00bb|600|||||||\u00a0\u00bb text_text_color=\u00a0\u00bb#cac9d3&Prime; text_font_size=\u00a0\u00bb34px\u00a0\u00bb text_letter_spacing=\u00a0\u00bb20px\u00a0\u00bb text_line_height=\u00a0\u00bb1.6em\u00a0\u00bb link_text_color=\u00a0\u00bb#59595e\u00a0\u00bb global_module=\u00a0\u00bb31928&Prime; saved_tabs=\u00a0\u00bball\u00a0\u00bb global_colors_info=\u00a0\u00bb{}\u00a0\u00bb text_text_color__hover_enabled=\u00a0\u00bboff|hover\u00a0\u00bb text_text_color__hover=\u00a0\u00bb#f99c27&Prime;]<\/p>\n<p style=\"text-align: center;\">AB<a href=\"https:\/\/www.nova-groupe.fr\/fr\/nos-marques\/mobilite\/#C\">C<\/a><a href=\"https:\/\/www.nova-groupe.fr\/fr\/nos-marques\/mobilite\/#E\">E<\/a>DFGHIJK<a href=\"https:\/\/www.nova-groupe.fr\/fr\/nos-marques\/mobilite\/#L\">L<\/a>MNOPQRS<a href=\"https:\/\/www.nova-groupe.fr\/fr\/nos-marques\/mobilite\/#T\">T<\/a>UVWXYZ<\/p>\n<p>[\/et_pb_text][et_pb_divider show_divider=\u00a0\u00bboff\u00a0\u00bb _builder_version=\u00a0\u00bb4.18.0&Prime; _module_preset=\u00a0\u00bbdefault\u00a0\u00bb custom_margin=\u00a0\u00bb||24px|||\u00a0\u00bb global_colors_info=\u00a0\u00bb{}\u00a0\u00bb][\/et_pb_divider][\/et_pb_column][\/et_pb_row][et_pb_row admin_label=\u00a0\u00bbTitre\u00a0\u00bb _builder_version=\u00a0\u00bb4.17.6&Prime; _module_preset=\u00a0\u00bbdefault\u00a0\u00bb custom_padding=\u00a0\u00bb||13px|||\u00a0\u00bb collapsed=\u00a0\u00bboff\u00a0\u00bb global_colors_info=\u00a0\u00bb{}\u00a0\u00bb][et_pb_column type=\u00a0\u00bb4_4&Prime; _builder_version=\u00a0\u00bb4.17.6&Prime; _module_preset=\u00a0\u00bbdefault\u00a0\u00bb global_colors_info=\u00a0\u00bb{}\u00a0\u00bb][et_pb_text admin_label=\u00a0\u00bbTitre automatique\u00a0\u00bb module_id=\u00a0\u00bbpoints\u00a0\u00bb _builder_version=\u00a0\u00bb4.18.0&Prime; _dynamic_attributes=\u00a0\u00bbcontent\u00a0\u00bb _module_preset=\u00a0\u00bbdefault\u00a0\u00bb text_font=\u00a0\u00bbVoltaire|700||on|||||\u00a0\u00bb text_text_color=\u00a0\u00bb#59595e\u00a0\u00bb text_font_size=\u00a0\u00bb35px\u00a0\u00bb header_2_text_color=\u00a0\u00bb#59595e\u00a0\u00bb text_orientation=\u00a0\u00bbcenter\u00a0\u00bb custom_margin=\u00a0\u00bb||28px||false|false\u00a0\u00bb global_colors_info=\u00a0\u00bb{}\u00a0\u00bb]@ET-DC@eyJkeW5hbWljIjp0cnVlLCJjb250ZW50IjoicG9zdF90aXRsZSIsInNldHRpbmdzIjp7ImJlZm9yZSI6IiIsImFmdGVyIjoiIn19@[\/et_pb_text][et_pb_divider divider_weight=\u00a0\u00bb4px\u00a0\u00bb _builder_version=\u00a0\u00bb4.18.0&Prime; _module_preset=\u00a0\u00bbdefault\u00a0\u00bb width=\u00a0\u00bb30px\u00a0\u00bb module_alignment=\u00a0\u00bbcenter\u00a0\u00bb custom_margin=\u00a0\u00bb||0px||false|false\u00a0\u00bb custom_padding=\u00a0\u00bb||0px||false|false\u00a0\u00bb global_colors_info=\u00a0\u00bb{}\u00a0\u00bb][\/et_pb_divider][et_pb_image src=\u00a0\u00bb@ET-DC@eyJkeW5hbWljIjp0cnVlLCJjb250ZW50IjoicG9zdF9mZWF0dXJlZF9pbWFnZSIsInNldHRpbmdzIjp7fX0=@\u00a0\u00bb alt=\u00a0\u00bbGamme SOLIS : microtracteurs diesel allant de 18 \u00e0 26 cv en boite m\u00e9canique ou hydrostatique\u00a0\u00bb title_text=\u00a0\u00bbGamme SOLIS : microtracteurs diesel allant de 18 \u00e0 26 cv en boite m\u00e9canique ou hydrostatique\u00a0\u00bb align=\u00a0\u00bbcenter\u00a0\u00bb admin_label=\u00a0\u00bbLogo automatique\u00a0\u00bb _builder_version=\u00a0\u00bb4.19.5&Prime; _dynamic_attributes=\u00a0\u00bbsrc\u00a0\u00bb _module_preset=\u00a0\u00bbdefault\u00a0\u00bb width=\u00a0\u00bb300px\u00a0\u00bb global_colors_info=\u00a0\u00bb{}\u00a0\u00bb][\/et_pb_image][\/et_pb_column][\/et_pb_row][et_pb_row column_structure=\u00a0\u00bb1_2,1_2&Prime; _builder_version=\u00a0\u00bb4.17.6&Prime; _module_preset=\u00a0\u00bbdefault\u00a0\u00bb collapsed=\u00a0\u00bboff\u00a0\u00bb global_colors_info=\u00a0\u00bb{}\u00a0\u00bb][et_pb_column type=\u00a0\u00bb1_2&Prime; _builder_version=\u00a0\u00bb4.17.6&Prime; _module_preset=\u00a0\u00bbdefault\u00a0\u00bb global_colors_info=\u00a0\u00bb{}\u00a0\u00bb][et_pb_image src=\u00a0\u00bbhttps:\/\/www.nova-groupe.fr\/wp-content\/uploads\/2023\/12\/etlander_route_01_1500px.jpg\u00a0\u00bb alt=\u00a0\u00bbTAPAGEUR trottinette 1 &#8211; NOVA\u00a0\u00bb title_text=\u00a0\u00bbetlander_route_01_1500px\u00a0\u00bb show_in_lightbox=\u00a0\u00bbon\u00a0\u00bb align=\u00a0\u00bbcenter\u00a0\u00bb _builder_version=\u00a0\u00bb4.23.1&Prime; _module_preset=\u00a0\u00bbdefault\u00a0\u00bb global_colors_info=\u00a0\u00bb{}\u00a0\u00bb][\/et_pb_image][\/et_pb_column][et_pb_column type=\u00a0\u00bb1_2&Prime; _builder_version=\u00a0\u00bb4.17.6&Prime; _module_preset=\u00a0\u00bbdefault\u00a0\u00bb global_colors_info=\u00a0\u00bb{}\u00a0\u00bb][et_pb_image src=\u00a0\u00bbhttps:\/\/www.nova-groupe.fr\/wp-content\/uploads\/2023\/12\/etesia-et-lander-vehicule-multifonction-electrique-nova-mobilite-7.jpg\u00a0\u00bb alt=\u00a0\u00bbTAPAGEUR trottinette 2 &#8211; NOVA\u00a0\u00bb title_text=\u00a0\u00bbetesia et lander vehicule multifonction electrique nova mobilite (7)\u00a0\u00bb show_in_lightbox=\u00a0\u00bbon\u00a0\u00bb align=\u00a0\u00bbcenter\u00a0\u00bb _builder_version=\u00a0\u00bb4.23.1&Prime; _module_preset=\u00a0\u00bbdefault\u00a0\u00bb global_colors_info=\u00a0\u00bb{}\u00a0\u00bb][\/et_pb_image][\/et_pb_column][\/et_pb_row][et_pb_row custom_padding_last_edited=\u00a0\u00bbon|desktop\u00a0\u00bb disabled_on=\u00a0\u00bboff|off|off\u00a0\u00bb admin_label=\u00a0\u00bbT\u00e9l\u00e9chargez nos brochures\u00a0\u00bb _builder_version=\u00a0\u00bb4.18.0&Prime; _module_preset=\u00a0\u00bbdefault\u00a0\u00bb background_color=\u00a0\u00bb#e6e6e6&Prime; custom_padding=\u00a0\u00bb40px|40px|40px|40px|false|false\u00a0\u00bb custom_padding_tablet=\u00a0\u00bb40px|40px|40px|40px|false|false\u00a0\u00bb custom_padding_phone=\u00a0\u00bb|20px||20px|false|false\u00a0\u00bb locked=\u00a0\u00bboff\u00a0\u00bb global_colors_info=\u00a0\u00bb{}\u00a0\u00bb][et_pb_column type=\u00a0\u00bb4_4&Prime; _builder_version=\u00a0\u00bb4.17.6&Prime; _module_preset=\u00a0\u00bbdefault\u00a0\u00bb global_colors_info=\u00a0\u00bb{}\u00a0\u00bb][et_pb_text admin_label=\u00a0\u00bbTitre : T\u00e9l\u00e9chargez nos brochures\u00a0\u00bb _builder_version=\u00a0\u00bb4.18.0&Prime; _module_preset=\u00a0\u00bbdefault\u00a0\u00bb header_font=\u00a0\u00bbVoltaire|||on|||||\u00a0\u00bb header_text_align=\u00a0\u00bbleft\u00a0\u00bb header_text_color=\u00a0\u00bb#59595e\u00a0\u00bb header_font_size=\u00a0\u00bb34px\u00a0\u00bb header_3_font=\u00a0\u00bbVoltaire|||on|||||\u00a0\u00bb header_3_text_color=\u00a0\u00bb#59595e\u00a0\u00bb header_3_font_size=\u00a0\u00bb34px\u00a0\u00bb custom_margin=\u00a0\u00bb||8px|||\u00a0\u00bb global_colors_info=\u00a0\u00bb{}\u00a0\u00bb]<\/p>\n<h3>T\u00e9l\u00e9charger nos brochures \ud83d\uddce<\/h3>\n<p>[\/et_pb_text][et_pb_divider color=\u00a0\u00bb#59595e\u00a0\u00bb divider_weight=\u00a0\u00bb2px\u00a0\u00bb _builder_version=\u00a0\u00bb4.17.6&Prime; _module_preset=\u00a0\u00bbdefault\u00a0\u00bb width=\u00a0\u00bb80px\u00a0\u00bb module_alignment=\u00a0\u00bbleft\u00a0\u00bb custom_margin=\u00a0\u00bb||17px|||\u00a0\u00bb global_colors_info=\u00a0\u00bb{}\u00a0\u00bb][\/et_pb_divider][et_pb_toggle title=\u00a0\u00bbBrochures\u00a0\u00bb open_toggle_text_color=\u00a0\u00bb#f99c27&Prime; open_toggle_background_color=\u00a0\u00bb#FFFFFF\u00a0\u00bb closed_toggle_background_color=\u00a0\u00bb#f99c27&Prime; icon_color=\u00a0\u00bb#FFFFFF\u00a0\u00bb toggle_icon=\u00a0\u00bb&#xf101;||fa||900&Prime; open_icon_color=\u00a0\u00bb#f99c27&Prime; admin_label=\u00a0\u00bbBrochures\u00a0\u00bb _builder_version=\u00a0\u00bb4.23.1&Prime; _module_preset=\u00a0\u00bbdefault\u00a0\u00bb title_text_color=\u00a0\u00bb#FFFFFF\u00a0\u00bb title_font=\u00a0\u00bb|||on|||||\u00a0\u00bb title_font_size=\u00a0\u00bb21px\u00a0\u00bb body_link_font=\u00a0\u00bbRoboto|600|||||||\u00a0\u00bb body_link_text_color=\u00a0\u00bb#000000&Prime; background_color=\u00a0\u00bb#f99c27&Prime; custom_margin=\u00a0\u00bb2px||10px||false|false\u00a0\u00bb custom_padding=\u00a0\u00bb10px||10px||false|false\u00a0\u00bb global_colors_info=\u00a0\u00bb{}\u00a0\u00bb body_link_text_color__hover_enabled=\u00a0\u00bbon|desktop\u00a0\u00bb body_link_text_color__hover=\u00a0\u00bb#000000&Prime;]<\/p>\n<p><a href=\"https:\/\/www.nova-groupe.fr\/wp-content\/uploads\/2023\/12\/2023_brochure-12p-etlander-etesia-nova-mobilite.pdf\">ET LANDER ETESIA\u00a0<\/a><\/p>\n<p>[\/et_pb_toggle][\/et_pb_column][\/et_pb_row][et_pb_row disabled_on=\u00a0\u00bboff|off|off\u00a0\u00bb _builder_version=\u00a0\u00bb4.21.2&Prime; _module_preset=\u00a0\u00bbdefault\u00a0\u00bb collapsed=\u00a0\u00bboff\u00a0\u00bb global_colors_info=\u00a0\u00bb{}\u00a0\u00bb][et_pb_column type=\u00a0\u00bb4_4&Prime; _builder_version=\u00a0\u00bb4.17.6&Prime; _module_preset=\u00a0\u00bbdefault\u00a0\u00bb global_colors_info=\u00a0\u00bb{}\u00a0\u00bb][et_pb_text _builder_version=\u00a0\u00bb4.24.0&Prime; _module_preset=\u00a0\u00bbdefault\u00a0\u00bb text_font=\u00a0\u00bb|600|||||||\u00a0\u00bb header_font=\u00a0\u00bbRoboto||||||||\u00a0\u00bb header_2_font=\u00a0\u00bbRoboto|700|||||||\u00a0\u00bb header_2_text_color=\u00a0\u00bb#606060&Prime; header_2_font_size=\u00a0\u00bb28px\u00a0\u00bb header_2_line_height=\u00a0\u00bb1.4em\u00a0\u00bb header_3_font=\u00a0\u00bbRoboto|700|||||||\u00a0\u00bb header_3_font_size=\u00a0\u00bb28px\u00a0\u00bb header_3_line_height=\u00a0\u00bb1.3em\u00a0\u00bb header_4_font=\u00a0\u00bbRoboto|700|||||||\u00a0\u00bb header_4_text_color=\u00a0\u00bb#606060&Prime; header_4_font_size=\u00a0\u00bb20px\u00a0\u00bb header_4_line_height=\u00a0\u00bb1.5em\u00a0\u00bb text_orientation=\u00a0\u00bbjustified\u00a0\u00bb custom_margin=\u00a0\u00bb||0px||false|false\u00a0\u00bb custom_padding=\u00a0\u00bb||0px||false|false\u00a0\u00bb hover_enabled=\u00a0\u00bb0&Prime; global_colors_info=\u00a0\u00bb{}\u00a0\u00bb sticky_enabled=\u00a0\u00bb0&Prime;]<\/p>\n<h1 class=\"widget-title\" style=\"text-align: justify;\"><strong><u>ETESIA<\/u>: ET-LANDER<\/strong><\/h1>\n<p>L&rsquo;<strong>ET-LANDER rassemble tout le savoir-faire d&rsquo;ETESIA,<\/strong> sp\u00e9cialiste\u00a0depuis 60 ans dans les domaines des tondeuses autoport\u00e9es, des transmissions \u00e9lectriques et de l&rsquo;entretien des espaces verts.<\/p>\n<p><strong>\u00c9cologique, puissant et autonome<\/strong>\u00a0: le v\u00e9hicule multifonction (VMF) \u00e9lectrique ET-LANDER est \u00e0 l&rsquo;aise partout, en ville comme \u00e0 la campagne.<\/p>\n<p style=\"text-align: justify;\">L&rsquo;ET-LANDER <span style=\"text-decoration: underline;\"><strong><span style=\"color: #f99c27;\"><a style=\"color: #f99c27; text-decoration: underline;\" href=\"https:\/\/www.etesia.fr\/produits\/transport-et-manutention\/et-lander\" target=\"_blank\" rel=\"noopener\">ETESIA<\/a><\/span><\/strong><\/span> est un v\u00e9hicule multifonction (VMF) \u00e9lectrique, con\u00e7u pour divers terrains et conditions. \u00c9cologique et silencieux, il poss\u00e8de une autonomie d&rsquo;une journ\u00e9e de travail avec sa batterie Plomb Acide 72V 220 Ah ou LITHIUM ION au choix. Il offre un transport confortable et est capable de transporter jusqu&rsquo;\u00e0 940 kg, en plus de tracter jusqu&rsquo;\u00e0 750 kg.<br \/>Le v\u00e9hicule est compact, avec un bon rayon de braquage, et dispose d&rsquo;une cabine spacieuse et bien \u00e9quip\u00e9e. Sa conception et fabrication en France contribuent \u00e0 r\u00e9duire son impact environnemental.<\/p>\n<p><strong>Homologation<\/strong>\u00a0<strong>possible\u00a0<\/strong>:<\/p>\n<p>Type\u00a0<strong>N1<\/strong>\u00a0: pour la France, pour les autres pays nous consulter : 40 km\/h avec roues route. Le contr\u00f4le technique est obligatoire.<\/p>\n<p>&nbsp;<\/p>\n<p>&nbsp;<\/p>\n<table id=\"tablefield-node-36759-field_specifications-0\" class=\"tablefield tablefield-columns-2 table sticky-enabled tableheader-processed sticky-table\">\n<thead>\n<tr>\n<th class=\"row_0 col_0\" scope=\"col\">PERFORMANCES<\/th>\n<th class=\"row_0 col_1\" scope=\"col\">\u00a0<\/th>\n<\/tr>\n<\/thead>\n<tbody>\n<tr class=\"odd\">\n<td class=\"row_1 col_0\">Surface de chargement max.<\/td>\n<td class=\"row_1 col_1\">181 cm x 151 cm<\/td>\n<\/tr>\n<tr class=\"even\">\n<td class=\"row_2 col_0\">Charge utile max.<\/td>\n<td class=\"row_2 col_1\">940 kg<\/td>\n<\/tr>\n<tr class=\"odd\">\n<td class=\"row_3 col_0\">Capacit\u00e9 de traction maximale (remorque non frein\u00e9e)<\/td>\n<td class=\"row_3 col_1\">750 kg<\/td>\n<\/tr>\n<tr class=\"even\">\n<td class=\"row_4 col_0\">Autonomie estim\u00e9e (en utilisation vari\u00e9e)<\/td>\n<td class=\"row_4 col_1\">60 km<\/td>\n<\/tr>\n<tr class=\"odd\">\n<td class=\"row_5 col_0\">Vitesse maximale<\/td>\n<td class=\"row_5 col_1\">40 km \/h<\/td>\n<\/tr>\n<tr class=\"even\">\n<td class=\"row_6 col_0\">Pente franchissable maximale<\/td>\n<td class=\"row_6 col_1\">35% (\u00e0 vide)<\/td>\n<\/tr>\n<tr class=\"odd\">\n<td class=\"row_7 col_0\">Rayon minimum de braquage<\/td>\n<td class=\"row_7 col_1\">4,40 m externe<\/td>\n<\/tr>\n<\/tbody>\n<\/table>\n<table id=\"tablefield-node-36759-field_specifications-1\" class=\"tablefield tablefield-columns-2 table sticky-enabled tableheader-processed sticky-table\">\n<thead>\n<tr>\n<th class=\"row_0 col_0\" scope=\"col\">MOTEUR<\/th>\n<th class=\"row_0 col_1\" scope=\"col\">\u00a0<\/th>\n<\/tr>\n<\/thead>\n<tbody>\n<tr class=\"odd\">\n<td class=\"row_1 col_0\">Type moteur \u00e9lectrique<\/td>\n<td class=\"row_1 col_1\">asynchrone triphas\u00e9<\/td>\n<\/tr>\n<tr class=\"even\">\n<td class=\"row_2 col_0\">Puissance moteur nominale<\/td>\n<td class=\"row_2 col_1\">10 kW<\/td>\n<\/tr>\n<\/tbody>\n<\/table>\n<table id=\"tablefield-node-36759-field_specifications-2\" class=\"tablefield tablefield-columns-1 table sticky-enabled tableheader-processed sticky-table\">\n<caption>\u00a0<\/caption>\n<thead>\n<tr>\n<th class=\"row_0 col_0\" scope=\"col\">TRANSMISSION<\/th>\n<\/tr>\n<\/thead>\n<tbody>\n<tr class=\"odd\">\n<td class=\"row_1 col_0\">Pont m\u00e9canique avec diff\u00e9rentiel<\/td>\n<\/tr>\n<tr class=\"even\">\n<td class=\"row_2 col_0\">Transmission par r\u00e9ducteur (rapport : 1\/16) sur roues arri\u00e8res<\/td>\n<\/tr>\n<\/tbody>\n<\/table>\n<table id=\"tablefield-node-36759-field_specifications-3\" class=\"tablefield tablefield-columns-1 table sticky-enabled tableheader-processed sticky-table\">\n<caption>\u00a0<\/caption>\n<thead>\n<tr>\n<th class=\"row_0 col_0\" scope=\"col\">SUSPENSIONS<\/th>\n<\/tr>\n<\/thead>\n<tbody>\n<tr class=\"odd\">\n<td class=\"row_1 col_0\">AV : suspension \u00e0 double triangulation, AR : ressort \u00e0 lames<\/td>\n<\/tr>\n<\/tbody>\n<\/table>\n<table id=\"tablefield-node-36759-field_specifications-4\" class=\"tablefield tablefield-columns-1 table sticky-enabled tableheader-processed sticky-table\">\n<thead>\n<tr>\n<th class=\"row_0 col_0\" scope=\"col\">FREINS<\/th>\n<\/tr>\n<\/thead>\n<tbody>\n<tr class=\"odd\">\n<td class=\"row_1 col_0\">AV : frein \u00e0 disque, AR : frein \u00e0 tambour<\/td>\n<\/tr>\n<tr class=\"even\">\n<td class=\"row_2 col_0\">Frein de service m\u00e9canique \u00e0 commande hydraulique<\/td>\n<\/tr>\n<tr class=\"odd\">\n<td class=\"row_3 col_0\">Frein de service \u00e9lectrique avec r\u00e9cup\u00e9ration d\u2019\u00e9nergie renvoy\u00e9e vers la batterie<\/td>\n<\/tr>\n<tr class=\"even\">\n<td class=\"row_4 col_0\">Frein de stationnement m\u00e9canique par c\u00e2ble sur les tambours arri\u00e8res<\/td>\n<\/tr>\n<\/tbody>\n<\/table>\n<table id=\"tablefield-node-36759-field_specifications-5\" class=\"tablefield tablefield-columns-1 table sticky-enabled tableheader-processed sticky-table\">\n<caption>\u00a0<\/caption>\n<thead>\n<tr>\n<th class=\"row_0 col_0\" scope=\"col\">DIRECTION<\/th>\n<\/tr>\n<\/thead>\n<tbody>\n<tr class=\"odd\">\n<td class=\"row_1 col_0\">Direction m\u00e9canique avec assistance \u00e9lectrique de s\u00e9rie<\/td>\n<\/tr>\n<\/tbody>\n<\/table>\n<div class=\"flex-1 overflow-hidden\" style=\"text-align: justify;\">\n<div class=\"react-scroll-to-bottom--css-vtkxr-79elbk h-full\">\n<div class=\"react-scroll-to-bottom--css-vtkxr-1n7m0yu\">\n<div class=\"flex flex-col pb-9 text-sm\">\n<div class=\"w-full text-token-text-primary\" data-testid=\"conversation-turn-3\">\n<div class=\"px-4 py-2 justify-center text-base md:gap-6 m-auto\">\n<div class=\"flex flex-1 text-base mx-auto gap-3 md:px-5 lg:px-1 xl:px-5 md:max-w-3xl lg:max-w-[40rem] xl:max-w-[48rem] } group final-completion\">\n<div class=\"relative flex w-full flex-col lg:w-[calc(100%-115px)] agent-turn\">\n<div class=\"flex-col gap-1 md:gap-3\">\n<div class=\"flex flex-grow flex-col max-w-full\">\n<div class=\"min-h-[20px] text-message flex flex-col items-start gap-3 whitespace-pre-wrap break-words [.text-message+&amp;]:mt-5 overflow-x-auto\" data-message-author-role=\"assistant\" data-message-id=\"48bf0882-f654-4593-a705-66f5f960b632\">\n<div class=\"markdown prose w-full break-words dark:prose-invert dark\">\n<table id=\"tablefield-node-36759-field_specifications-6\" class=\"tablefield tablefield-columns-1 table sticky-enabled tableheader-processed sticky-table\">\n<thead>\n<tr>\n<th class=\"row_0 col_0\" scope=\"col\">BATTERIE<\/th>\n<\/tr>\n<\/thead>\n<tbody>\n<tr class=\"odd\">\n<td class=\"row_1 col_0\">Plomb Acide 72V 220 Ah \u2013 C5 \u2013 puissance nominale 15,8 kW &#8211; 36 cellules de 2 V<\/td>\n<\/tr>\n<tr class=\"even\">\n<td class=\"row_2 col_0\">Temps de recharge estim\u00e9 : 8 heures<\/td>\n<\/tr>\n<tr class=\"odd\">\n<td class=\"row_3 col_0\">Dur\u00e9e de vie estim\u00e9e = au moins 80 % de la capacit\u00e9 au bout de 400 cycles<\/td>\n<\/tr>\n<\/tbody>\n<\/table>\n<\/div>\n<\/div>\n<\/div>\n<\/div>\n<\/div>\n<\/div>\n<\/div>\n<\/div>\n<\/div>\n<\/div>\n<\/div>\n<\/div>\n<div class=\"w-full pt-2 md:pt-0 dark:border-white\/20 md:border-transparent md:dark:border-transparent md:w-[calc(100%-.5rem)]\" style=\"text-align: justify;\">\n<form class=\"stretch mx-2 flex flex-row gap-3 last:mb-2 md:mx-4 md:last:mb-6 lg:mx-auto lg:max-w-2xl xl:max-w-3xl\">\n<div>\n<p>&nbsp;<\/p>\n<\/div>\n<div>\u00a0<\/div>\n<\/form>\n<\/div>\n<div class=\"siteorigin-widget-tinymce textwidget\">\n<p style=\"text-align: justify;\"><a href=\"https:\/\/www.nova-groupe.fr\/wp-content\/uploads\/2023\/12\/etesia-et-lander-vehicule-multifonction-electrique-nova-mobilite-14.jpg\"><img decoding=\"async\" class=\"alignnone wp-image-42331 size-medium\" src=\"https:\/\/www.nova-groupe.fr\/wp-content\/uploads\/2023\/12\/etesia-et-lander-vehicule-multifonction-electrique-nova-mobilite-14-300x201.jpg\" alt=\"\" width=\"300\" height=\"201\" \/><\/a> <a href=\"https:\/\/www.nova-groupe.fr\/wp-content\/uploads\/2023\/12\/etesia-et-lander-vehicule-multifonction-electrique-nova-mobilite-1.jpg\"><img decoding=\"async\" class=\"wp-image-42333 alignnone size-medium\" src=\"https:\/\/www.nova-groupe.fr\/wp-content\/uploads\/2023\/12\/etesia-et-lander-vehicule-multifonction-electrique-nova-mobilite-1-300x269.jpg\" alt=\"\" width=\"300\" height=\"269\" \/><\/a> <a href=\"https:\/\/www.nova-groupe.fr\/wp-content\/uploads\/2023\/12\/etesia-et-lander-vehicule-multifonction-electrique-nova-mobilite-1.png\"><img decoding=\"async\" class=\"wp-image-42335 alignnone size-medium\" src=\"https:\/\/www.nova-groupe.fr\/wp-content\/uploads\/2023\/12\/etesia-et-lander-vehicule-multifonction-electrique-nova-mobilite-1-300x281.png\" alt=\"\" width=\"300\" height=\"281\" \/><\/a> <a href=\"https:\/\/www.nova-groupe.fr\/wp-content\/uploads\/2023\/12\/etesia-et-lander-vehicule-multifonction-electrique-nova-mobilite-2.jpg\"><img decoding=\"async\" class=\"wp-image-42337 alignnone size-medium\" src=\"https:\/\/www.nova-groupe.fr\/wp-content\/uploads\/2023\/12\/etesia-et-lander-vehicule-multifonction-electrique-nova-mobilite-2-300x184.jpg\" alt=\"\" width=\"300\" height=\"184\" \/><\/a> <a href=\"https:\/\/www.nova-groupe.fr\/wp-content\/uploads\/2023\/12\/etesia-et-lander-vehicule-multifonction-electrique-nova-mobilite-3.jpg\"><img decoding=\"async\" class=\"wp-image-42339 alignnone size-medium\" src=\"https:\/\/www.nova-groupe.fr\/wp-content\/uploads\/2023\/12\/etesia-et-lander-vehicule-multifonction-electrique-nova-mobilite-3-300x183.jpg\" alt=\"\" width=\"300\" height=\"183\" \/><\/a> <a href=\"https:\/\/www.nova-groupe.fr\/wp-content\/uploads\/2023\/12\/etesia-et-lander-vehicule-multifonction-electrique-nova-mobilite-4.jpg\"><img decoding=\"async\" class=\"wp-image-42341 alignnone size-medium\" src=\"https:\/\/www.nova-groupe.fr\/wp-content\/uploads\/2023\/12\/etesia-et-lander-vehicule-multifonction-electrique-nova-mobilite-4-300x272.jpg\" alt=\"\" width=\"300\" height=\"272\" \/><\/a> <a href=\"https:\/\/www.nova-groupe.fr\/wp-content\/uploads\/2023\/12\/etesia-et-lander-vehicule-multifonction-electrique-nova-mobilite-5.jpg\"><img decoding=\"async\" class=\"wp-image-42343 alignnone size-medium\" src=\"https:\/\/www.nova-groupe.fr\/wp-content\/uploads\/2023\/12\/etesia-et-lander-vehicule-multifonction-electrique-nova-mobilite-5-300x200.jpg\" alt=\"\" width=\"300\" height=\"200\" \/><\/a> <a href=\"https:\/\/www.nova-groupe.fr\/wp-content\/uploads\/2023\/12\/etesia-et-lander-vehicule-multifonction-electrique-nova-mobilite-6.jpg\"><img decoding=\"async\" class=\"wp-image-42345 alignnone size-medium\" src=\"https:\/\/www.nova-groupe.fr\/wp-content\/uploads\/2023\/12\/etesia-et-lander-vehicule-multifonction-electrique-nova-mobilite-6-300x269.jpg\" alt=\"\" width=\"300\" height=\"269\" \/><\/a> <a href=\"https:\/\/www.nova-groupe.fr\/wp-content\/uploads\/2023\/12\/etesia-et-lander-vehicule-multifonction-electrique-nova-mobilite-8.jpg\"><img decoding=\"async\" class=\"wp-image-42347 alignnone size-medium\" src=\"https:\/\/www.nova-groupe.fr\/wp-content\/uploads\/2023\/12\/etesia-et-lander-vehicule-multifonction-electrique-nova-mobilite-8-300x269.jpg\" alt=\"\" width=\"300\" height=\"269\" \/><\/a> <a href=\"https:\/\/www.nova-groupe.fr\/wp-content\/uploads\/2023\/12\/etesia-et-lander-vehicule-multifonction-electrique-nova-mobilite-10.jpg\"><img decoding=\"async\" class=\"wp-image-42349 alignnone size-medium\" src=\"https:\/\/www.nova-groupe.fr\/wp-content\/uploads\/2023\/12\/etesia-et-lander-vehicule-multifonction-electrique-nova-mobilite-10-300x200.jpg\" alt=\"\" width=\"300\" height=\"200\" \/><\/a> <a href=\"https:\/\/www.nova-groupe.fr\/wp-content\/uploads\/2023\/12\/etesia-et-lander-vehicule-multifonction-electrique-nova-mobilite-11.jpg\"><img decoding=\"async\" class=\"wp-image-42351 alignnone size-medium\" src=\"https:\/\/www.nova-groupe.fr\/wp-content\/uploads\/2023\/12\/etesia-et-lander-vehicule-multifonction-electrique-nova-mobilite-11-300x200.jpg\" alt=\"\" width=\"300\" height=\"200\" \/><\/a> <a href=\"https:\/\/www.nova-groupe.fr\/wp-content\/uploads\/2023\/12\/etesia-et-lander-vehicule-multifonction-electrique-nova-mobilite-12.jpg\"><img decoding=\"async\" class=\"wp-image-42353 alignnone size-medium\" src=\"https:\/\/www.nova-groupe.fr\/wp-content\/uploads\/2023\/12\/etesia-et-lander-vehicule-multifonction-electrique-nova-mobilite-12-300x200.jpg\" alt=\"\" width=\"300\" height=\"200\" \/><\/a> <a href=\"https:\/\/www.nova-groupe.fr\/wp-content\/uploads\/2023\/12\/etesia-et-lander-vehicule-multifonction-electrique-nova-mobilite-13.jpg\"><img decoding=\"async\" class=\"wp-image-42355 alignnone size-medium\" src=\"https:\/\/www.nova-groupe.fr\/wp-content\/uploads\/2023\/12\/etesia-et-lander-vehicule-multifonction-electrique-nova-mobilite-13-300x88.jpg\" alt=\"\" width=\"300\" height=\"88\" \/><\/a><\/p>\n<p>&nbsp;<\/p>\n<p style=\"text-align: justify;\">Au travers de nos agences <span style=\"color: #f99c27;\"><strong>NOVA<\/strong><\/span>, vous pouvez <strong>acheter, louer<\/strong> et faire <strong>entretenir<\/strong> votre v\u00e9hicule multifonction \u00e9lectrique <span style=\"text-decoration: underline;\"><strong><span style=\"color: #f99c27;\"><a style=\"color: #f99c27; text-decoration: underline;\" href=\"https:\/\/www.etesia.fr\/produits\/transport-et-manutention\/et-lander\" target=\"_blank\" rel=\"noopener\">ETESIA<\/a><\/span><\/strong><\/span> en toute s\u00e9r\u00e9nit\u00e9.<\/p>\n<p style=\"text-align: justify;\"><strong>Achat<\/strong> :<\/p>\n<p style=\"text-align: justify;\">Notre r\u00e9seau de concessions propose <strong>votre v\u00e9hicule multifonction \u00e9lectrique <span style=\"text-decoration: underline;\"><span style=\"color: #f99c27;\"><a style=\"color: #f99c27; text-decoration: underline;\" href=\"https:\/\/www.etesia.fr\/produits\/transport-et-manutention\/et-lander\" target=\"_blank\" rel=\"noopener\">ETESIA<\/a><\/span><\/span> <\/strong>neuve \u00e0 la vente, des occasions r\u00e9vis\u00e9es et un SAV de pi\u00e8ces d\u00e9tach\u00e9es d&rsquo;origine.<br \/>Contactez d\u00e8s \u00e0 pr\u00e9sent votre <a href=\"https:\/\/www.nova-groupe.fr\/fr\/nos-agences\/\" target=\"_blank\" rel=\"noopener\">commercial NOVA le plus proche<\/a> au travers de notre r\u00e9seau <span style=\"text-decoration: underline;\"><strong><span style=\"color: #f99c27;\"><a style=\"color: #f99c27; text-decoration: underline;\" href=\"https:\/\/www.etesia.fr\/produits\/transport-et-manutention\/et-lander\" target=\"_blank\" rel=\"noopener\">ETESIA<\/a><\/span><\/strong><\/span> en PACA.<\/p>\n<p style=\"text-align: justify;\"><strong>Location<\/strong> :<\/p>\n<p style=\"text-align: justify;\">Vous pouvez louer vos v\u00e9hicules utilitaires \u00e9lectriques <span style=\"text-decoration: underline;\"><strong><span style=\"color: #f99c27;\"><a style=\"color: #f99c27; text-decoration: underline;\" href=\"https:\/\/www.etesia.fr\/produits\/transport-et-manutention\/et-lander\" target=\"_blank\" rel=\"noopener\">ETESIA<\/a><\/span><\/strong><\/span> chez <strong>Nova <\/strong>gr\u00e2ce \u00e0 notre formule de <strong>location \u00e9conomique<\/strong> adapt\u00e9e \u00e0 vos besoins. <strong>Louez votre v\u00e9hicule multifonction \u00e9lectrique pour une saison ou \u00e0 l&rsquo;ann\u00e9e selon votre activit\u00e9 agricole, BTP, \u00e9v\u00e9nementiel, espaces verts chez Nova.<\/strong><br \/><strong>Location <\/strong>\u00e0 la journ\u00e9e, semaine ou au mois, vous disposez ainsi d&rsquo;un <strong>mat\u00e9riel r\u00e9vis\u00e9, op\u00e9rationnel <\/strong>et de <strong>derni\u00e8re g\u00e9n\u00e9ration<\/strong> tout en maitrisant votre budget.<\/p>\n<p style=\"text-align: justify;\"><strong>Le r\u00e9seau NOVA :<\/strong><\/p>\n<p style=\"text-align: justify;\">Le groupe <strong><span style=\"color: #f99c27;\">NOVA <\/span><\/strong>vous accompagne dans le choix de votre recherche de <strong>v\u00e9hicule multifonction \u00e9lectriqu<\/strong>e<strong>\u00a0<span style=\"text-decoration: underline;\"><span style=\"color: #f99c27;\"><a style=\"color: #f99c27; text-decoration: underline;\" href=\"https:\/\/www.etesia.fr\/produits\/transport-et-manutention\/et-lander\" target=\"_blank\" rel=\"noopener\">ETESIA<\/a><\/span><\/span> sur la r\u00e9gion PACA<\/strong>, et \u00e0 proximit\u00e9 de <strong>Marseille, Aix-En-Provence, Avignon, Istres, Martigues, Vitrolles, Marignane, Salon de Provence, Mallemort, Gardanne, Cabri\u00e8s, Allauch, Aubagne, N\u00eemes, Orange, Manosque, Sisteron, S\u00e9nas, Cavaillon, Nice, Monaco, Grasse, Cannes, Fr\u00e9jus, Toulon, Al\u00e8s et Tallard au travers de nos agences r\u00e9gionales de Saint-Cannat, Arles, Carpentras, Oraison, Saint Andr\u00e9 de Sangonis, Gap, Saint Hilaire De Brethmas, Cogolin, Le Muy, Pierrelatte et sur les d\u00e9partements 04 alpes de Hautes Provence, 05 Hautes Alpes, 06 Alpes Maritimes, 13 Bouches du Rh\u00f4ne, 26 Dr\u00f4me, 30 Gard , 83 Var et 84 Vaucluse.<\/strong><\/p>\n<\/div>\n<p>[\/et_pb_text][et_pb_text admin_label=\u00a0\u00bbCarte\u00a0\u00bb _builder_version=\u00a0\u00bb4.18.0&Prime; _module_preset=\u00a0\u00bbdefault\u00a0\u00bb text_font=\u00a0\u00bb|600|||||||\u00a0\u00bb header_2_font=\u00a0\u00bbRoboto|700|||||||\u00a0\u00bb header_2_text_color=\u00a0\u00bb#606060&Prime; header_2_font_size=\u00a0\u00bb28px\u00a0\u00bb header_2_line_height=\u00a0\u00bb1.4em\u00a0\u00bb header_3_font=\u00a0\u00bbRoboto|700|||||||\u00a0\u00bb header_3_line_height=\u00a0\u00bb1.5em\u00a0\u00bb header_4_font=\u00a0\u00bbRoboto|700|||||||\u00a0\u00bb header_4_text_color=\u00a0\u00bb#606060&Prime; header_4_font_size=\u00a0\u00bb20px\u00a0\u00bb header_4_line_height=\u00a0\u00bb1.5em\u00a0\u00bb custom_margin=\u00a0\u00bb||||false|false\u00a0\u00bb global_colors_info=\u00a0\u00bb{}\u00a0\u00bb]<\/p>\n<style type=\"text\/css\" id=\"umsMapStyles_1_68377\">\r\n    #ultimate_maps_1_68377 {\r\n        width: 100%;\r\n        height: 550px;\r\n                border: 0px solid ;\r\n        margin: 0px;\r\n    }\r\n    #mapsControlsNum_1_68377 {\r\n        width:100%    }\r\n    .umsMapDetailsContainer#umsMapDetailsContainer_1_68377 {\r\n        height:550px;\r\n    }\r\n    .ums_MapPreview#ultimate_maps_1_68377 {\r\n        \/*position:absolute;*\/\r\n        width:100%;\r\n    }\r\n    #mapConElem_1_68377{\r\n        width:100%    }\r\n    <\/style><div class=\"ums_map_opts\" id=\"mapConElem_1_68377\" data-id=\"1\" data-view-id=\"1_68377\" > <div class=\"umsMapDetailsContainer\" id=\"umsMapDetailsContainer_1_68377\"> <i class=\"umsKMLLayersPreloader fa fa-spinner fa-spin\" aria-hidden=\"true\" style=\"display: none;\"><\/i> <div class=\"ums_MapPreview \" id=\"ultimate_maps_1_68377\"><\/div> <\/div> <div class=\"umsMapMarkerFilters\" id=\"umsMapMarkerFilters_1_68377\"> <\/div> <div class=\"umsMapProControlsCon\" id=\"umsMapProControlsCon_1_68377\"> <a title=\"WP Google Maps\" style=\"display:none;\" href=\"https:\/\/supsystic.com\/plugins\/google-maps-plugin\/?utm_medium=love_link_hide\" target=\"_blank\">WP Google Maps<\/a><div style=\"clear: both;\"><\/div> <\/div> <div class=\"umsMapProDirectionsCon\" id=\"umsMapProDirectionsCon_1_68377\" > <\/div> <div class=\"umsMapProKmlFilterCon\" id=\"umsMapProKmlFilterCon_1_68377\" > <\/div> <div class=\"umsSocialSharingShell umsSocialSharingShell_1_68377\"> <\/div> <div style=\"clear: both;\"><\/div> <\/div>\n<p>[\/et_pb_text][et_pb_video src=\u00a0\u00bbhttps:\/\/youtu.be\/c6cpJkadnU8&Prime; _builder_version=\u00a0\u00bb4.23.1&Prime; _module_preset=\u00a0\u00bbdefault\u00a0\u00bb global_colors_info=\u00a0\u00bb{}\u00a0\u00bb][\/et_pb_video][\/et_pb_column][\/et_pb_row][et_pb_row column_structure=\u00a0\u00bb1_6,1_6,1_6,1_6,1_6,1_6&Prime; use_custom_gutter=\u00a0\u00bbon\u00a0\u00bb gutter_width=\u00a0\u00bb2&Prime; make_equal=\u00a0\u00bbon\u00a0\u00bb admin_label=\u00a0\u00bb4 colonnes Agri &#8211; BTP &#8211; Espa. Verts &#8211; Envir\u00a0\u00bb _builder_version=\u00a0\u00bb4.23.1&Prime; _module_preset=\u00a0\u00bbdefault\u00a0\u00bb width=\u00a0\u00bb100%\u00a0\u00bb width_tablet=\u00a0\u00bb80%\u00a0\u00bb width_phone=\u00a0\u00bb80%\u00a0\u00bb width_last_edited=\u00a0\u00bbon|tablet\u00a0\u00bb custom_padding=\u00a0\u00bb||53px|||\u00a0\u00bb global_module=\u00a0\u00bb26055&Prime; saved_tabs=\u00a0\u00bball\u00a0\u00bb locked=\u00a0\u00bboff\u00a0\u00bb global_colors_info=\u00a0\u00bb{}\u00a0\u00bb][et_pb_column type=\u00a0\u00bb1_6&Prime; _builder_version=\u00a0\u00bb4.18.0&Prime; _module_preset=\u00a0\u00bbdefault\u00a0\u00bb background_color=\u00a0\u00bb#e6e6e6&Prime; custom_padding=\u00a0\u00bb20px||20px||false|false\u00a0\u00bb global_colors_info=\u00a0\u00bb{}\u00a0\u00bb][et_pb_image src=\u00a0\u00bbhttps:\/\/www.nova-groupe.fr\/wp-content\/uploads\/2022\/08\/icone-orange-agri.png\u00a0\u00bb alt=\u00a0\u00bbagricole-picto\u00a0\u00bb title_text=\u00a0\u00bbicone-orange-agri\u00a0\u00bb url=\u00a0\u00bbhttps:\/\/www.nova-groupe.fr\/fr\/nos-marques\/agricole\/\u00a0\u00bb align=\u00a0\u00bbcenter\u00a0\u00bb _builder_version=\u00a0\u00bb4.19.4&Prime; _module_preset=\u00a0\u00bbdefault\u00a0\u00bb width=\u00a0\u00bb150px\u00a0\u00bb module_alignment=\u00a0\u00bbcenter\u00a0\u00bb global_colors_info=\u00a0\u00bb{}\u00a0\u00bb][\/et_pb_image][et_pb_text admin_label=\u00a0\u00bbAgriculture\u00a0\u00bb _builder_version=\u00a0\u00bb4.18.0&Prime; _module_preset=\u00a0\u00bbdefault\u00a0\u00bb text_font=\u00a0\u00bbVoltaire|700||on|||||\u00a0\u00bb text_text_color=\u00a0\u00bb#5f5c5b\u00a0\u00bb text_font_size=\u00a0\u00bb23px\u00a0\u00bb text_letter_spacing=\u00a0\u00bb1px\u00a0\u00bb text_orientation=\u00a0\u00bbcenter\u00a0\u00bb custom_margin=\u00a0\u00bb||21px|||\u00a0\u00bb global_colors_info=\u00a0\u00bb{}\u00a0\u00bb]<\/p>\n<p>Agriculture<\/p>\n<p>[\/et_pb_text][et_pb_button button_url=\u00a0\u00bbhttps:\/\/www.nova-groupe.fr\/fr\/nos-marques\/agricole\/\u00a0\u00bb button_text=\u00a0\u00bbMat\u00e9riel \u00e0 la vente\u00a0\u00bb button_alignment=\u00a0\u00bbcenter\u00a0\u00bb _builder_version=\u00a0\u00bb4.18.0&Prime; _module_preset=\u00a0\u00bbdefault\u00a0\u00bb custom_button=\u00a0\u00bbon\u00a0\u00bb button_text_size=\u00a0\u00bb15px\u00a0\u00bb button_bg_color=\u00a0\u00bb#333333&Prime; button_border_width=\u00a0\u00bb0px\u00a0\u00bb button_font=\u00a0\u00bbRoboto|||on|||||\u00a0\u00bb background_layout=\u00a0\u00bbdark\u00a0\u00bb custom_margin=\u00a0\u00bb||9px|||\u00a0\u00bb custom_padding=\u00a0\u00bb6px||||false|false\u00a0\u00bb global_colors_info=\u00a0\u00bb{}\u00a0\u00bb button_bg_color__hover_enabled=\u00a0\u00bbon|desktop\u00a0\u00bb button_bg_color__hover=\u00a0\u00bb#f99c27&Prime;][\/et_pb_button][\/et_pb_column][et_pb_column type=\u00a0\u00bb1_6&Prime; _builder_version=\u00a0\u00bb4.17.6&Prime; _module_preset=\u00a0\u00bbdefault\u00a0\u00bb background_color=\u00a0\u00bb#e6e6e6&Prime; custom_padding=\u00a0\u00bb20px||20px||false|false\u00a0\u00bb global_colors_info=\u00a0\u00bb{}\u00a0\u00bb][et_pb_image src=\u00a0\u00bbhttps:\/\/www.nova-groupe.fr\/wp-content\/uploads\/2022\/08\/icone-orange-btp.png\u00a0\u00bb alt=\u00a0\u00bbbtp-picto\u00a0\u00bb title_text=\u00a0\u00bbicone-orange-btp\u00a0\u00bb url=\u00a0\u00bbhttps:\/\/www.nova-groupe.fr\/fr\/nos-marques\/btp\/\u00a0\u00bb align=\u00a0\u00bbcenter\u00a0\u00bb _builder_version=\u00a0\u00bb4.19.4&Prime; _module_preset=\u00a0\u00bbdefault\u00a0\u00bb width=\u00a0\u00bb150px\u00a0\u00bb module_alignment=\u00a0\u00bbcenter\u00a0\u00bb global_colors_info=\u00a0\u00bb{}\u00a0\u00bb][\/et_pb_image][et_pb_text admin_label=\u00a0\u00bbBTP\u00a0\u00bb _builder_version=\u00a0\u00bb4.18.0&Prime; _module_preset=\u00a0\u00bbdefault\u00a0\u00bb text_font=\u00a0\u00bbVoltaire|700||on|||||\u00a0\u00bb text_text_color=\u00a0\u00bb#5f5c5b\u00a0\u00bb text_font_size=\u00a0\u00bb23px\u00a0\u00bb text_orientation=\u00a0\u00bbcenter\u00a0\u00bb custom_margin=\u00a0\u00bb||20px||false|false\u00a0\u00bb global_colors_info=\u00a0\u00bb{}\u00a0\u00bb]<\/p>\n<p>BTP<\/p>\n<p>[\/et_pb_text][et_pb_button button_url=\u00a0\u00bbhttps:\/\/www.nova-groupe.fr\/fr\/nos-marques\/btp\/\u00a0\u00bb button_text=\u00a0\u00bbMat\u00e9riel \u00e0 la vente\u00a0\u00bb button_alignment=\u00a0\u00bbcenter\u00a0\u00bb _builder_version=\u00a0\u00bb4.18.0&Prime; _module_preset=\u00a0\u00bbdefault\u00a0\u00bb custom_button=\u00a0\u00bbon\u00a0\u00bb button_text_size=\u00a0\u00bb15px\u00a0\u00bb button_bg_color=\u00a0\u00bb#333333&Prime; button_border_width=\u00a0\u00bb0px\u00a0\u00bb button_font=\u00a0\u00bbRoboto|||on|||||\u00a0\u00bb background_layout=\u00a0\u00bbdark\u00a0\u00bb custom_margin=\u00a0\u00bb||9px|||\u00a0\u00bb custom_padding=\u00a0\u00bb6px||||false|false\u00a0\u00bb global_colors_info=\u00a0\u00bb{}\u00a0\u00bb button_bg_color__hover_enabled=\u00a0\u00bbon|hover\u00a0\u00bb button_bg_color__hover=\u00a0\u00bb#f99c27&Prime;][\/et_pb_button][\/et_pb_column][et_pb_column type=\u00a0\u00bb1_6&Prime; _builder_version=\u00a0\u00bb4.17.6&Prime; _module_preset=\u00a0\u00bbdefault\u00a0\u00bb background_color=\u00a0\u00bb#e6e6e6&Prime; custom_padding=\u00a0\u00bb20px||20px||false|false\u00a0\u00bb global_colors_info=\u00a0\u00bb{}\u00a0\u00bb][et_pb_image src=\u00a0\u00bbhttps:\/\/www.nova-groupe.fr\/wp-content\/uploads\/2022\/08\/icone-orange-espaces-verts.png\u00a0\u00bb alt=\u00a0\u00bbespaces-verts-picto\u00a0\u00bb title_text=\u00a0\u00bbicone-orange-espaces-verts\u00a0\u00bb url=\u00a0\u00bbhttps:\/\/www.nova-groupe.fr\/fr\/nos-marques\/espaces-verts\/\u00a0\u00bb _builder_version=\u00a0\u00bb4.18.0&Prime; _module_preset=\u00a0\u00bbdefault\u00a0\u00bb width=\u00a0\u00bb150px\u00a0\u00bb module_alignment=\u00a0\u00bbcenter\u00a0\u00bb global_colors_info=\u00a0\u00bb{}\u00a0\u00bb][\/et_pb_image][et_pb_text admin_label=\u00a0\u00bbEspaces verts\u00a0\u00bb _builder_version=\u00a0\u00bb4.18.0&Prime; _module_preset=\u00a0\u00bbdefault\u00a0\u00bb text_font=\u00a0\u00bbVoltaire|700||on|||||\u00a0\u00bb text_text_color=\u00a0\u00bb#5f5c5b\u00a0\u00bb text_font_size=\u00a0\u00bb23px\u00a0\u00bb text_orientation=\u00a0\u00bbcenter\u00a0\u00bb custom_margin=\u00a0\u00bb||20px||false|false\u00a0\u00bb global_colors_info=\u00a0\u00bb{}\u00a0\u00bb]<\/p>\n<p>Espaces verts<\/p>\n<p>[\/et_pb_text][et_pb_button button_url=\u00a0\u00bbhttps:\/\/www.nova-groupe.fr\/fr\/nos-marques\/espaces-verts\/\u00a0\u00bb button_text=\u00a0\u00bbMat\u00e9riel \u00e0 la vente\u00a0\u00bb button_alignment=\u00a0\u00bbcenter\u00a0\u00bb _builder_version=\u00a0\u00bb4.18.0&Prime; _module_preset=\u00a0\u00bbdefault\u00a0\u00bb custom_button=\u00a0\u00bbon\u00a0\u00bb button_text_size=\u00a0\u00bb15px\u00a0\u00bb button_bg_color=\u00a0\u00bb#333333&Prime; button_border_width=\u00a0\u00bb0px\u00a0\u00bb button_font=\u00a0\u00bbRoboto|||on|||||\u00a0\u00bb background_layout=\u00a0\u00bbdark\u00a0\u00bb custom_margin=\u00a0\u00bb||9px|||\u00a0\u00bb custom_padding=\u00a0\u00bb6px||||false|false\u00a0\u00bb global_colors_info=\u00a0\u00bb{}\u00a0\u00bb button_bg_color__hover_enabled=\u00a0\u00bbon|desktop\u00a0\u00bb button_bg_color__hover=\u00a0\u00bb#f99c27&Prime;][\/et_pb_button][\/et_pb_column][et_pb_column type=\u00a0\u00bb1_6&Prime; _builder_version=\u00a0\u00bb4.17.6&Prime; _module_preset=\u00a0\u00bbdefault\u00a0\u00bb background_color=\u00a0\u00bb#e6e6e6&Prime; custom_padding=\u00a0\u00bb20px||20px||false|false\u00a0\u00bb global_colors_info=\u00a0\u00bb{}\u00a0\u00bb][et_pb_image src=\u00a0\u00bbhttps:\/\/www.nova-groupe.fr\/wp-content\/uploads\/2022\/08\/icone-orange-envir.png\u00a0\u00bb alt=\u00a0\u00bbenvironnement-picto\u00a0\u00bb title_text=\u00a0\u00bbicone-orange-envir\u00a0\u00bb url=\u00a0\u00bbhttps:\/\/www.nova-groupe.fr\/fr\/nos-marques\/environnement\/\u00a0\u00bb align=\u00a0\u00bbcenter\u00a0\u00bb _builder_version=\u00a0\u00bb4.19.4&Prime; _module_preset=\u00a0\u00bbdefault\u00a0\u00bb width=\u00a0\u00bb150px\u00a0\u00bb module_alignment=\u00a0\u00bbcenter\u00a0\u00bb global_colors_info=\u00a0\u00bb{}\u00a0\u00bb][\/et_pb_image][et_pb_text admin_label=\u00a0\u00bbEnvironnement\u00a0\u00bb _builder_version=\u00a0\u00bb4.18.0&Prime; _module_preset=\u00a0\u00bbdefault\u00a0\u00bb text_font=\u00a0\u00bbVoltaire|700||on|||||\u00a0\u00bb text_text_color=\u00a0\u00bb#5f5c5b\u00a0\u00bb text_font_size=\u00a0\u00bb23px\u00a0\u00bb text_orientation=\u00a0\u00bbcenter\u00a0\u00bb custom_margin=\u00a0\u00bb||20px||false|false\u00a0\u00bb global_colors_info=\u00a0\u00bb{}\u00a0\u00bb]<\/p>\n<p>Environnement<\/p>\n<p>[\/et_pb_text][et_pb_button button_url=\u00a0\u00bbhttps:\/\/www.nova-groupe.fr\/fr\/nos-marques\/environnement\/\u00a0\u00bb button_text=\u00a0\u00bbMat\u00e9riel \u00e0 la vente\u00a0\u00bb button_alignment=\u00a0\u00bbcenter\u00a0\u00bb _builder_version=\u00a0\u00bb4.18.0&Prime; _module_preset=\u00a0\u00bbdefault\u00a0\u00bb custom_button=\u00a0\u00bbon\u00a0\u00bb button_text_size=\u00a0\u00bb15px\u00a0\u00bb button_bg_color=\u00a0\u00bb#333333&Prime; button_border_width=\u00a0\u00bb0px\u00a0\u00bb button_font=\u00a0\u00bbRoboto|||on|||||\u00a0\u00bb background_layout=\u00a0\u00bbdark\u00a0\u00bb custom_margin=\u00a0\u00bb||9px|||\u00a0\u00bb custom_padding=\u00a0\u00bb6px||||false|false\u00a0\u00bb global_colors_info=\u00a0\u00bb{}\u00a0\u00bb button_bg_color__hover_enabled=\u00a0\u00bbon|desktop\u00a0\u00bb button_bg_color__hover=\u00a0\u00bb#f99c27&Prime;][\/et_pb_button][\/et_pb_column][et_pb_column type=\u00a0\u00bb1_6&Prime; _builder_version=\u00a0\u00bb4.19.4&Prime; _module_preset=\u00a0\u00bbdefault\u00a0\u00bb background_color=\u00a0\u00bb#e6e6e6&Prime; custom_padding=\u00a0\u00bb20px||20px||false|false\u00a0\u00bb global_colors_info=\u00a0\u00bb{}\u00a0\u00bb][et_pb_image src=\u00a0\u00bbhttps:\/\/www.nova-groupe.fr\/wp-content\/uploads\/2022\/12\/icone-orange-manutention.png\u00a0\u00bb alt=\u00a0\u00bbenvironnement-picto\u00a0\u00bb title_text=\u00a0\u00bbicone-orange-manutention\u00a0\u00bb url=\u00a0\u00bbhttps:\/\/www.nova-groupe.fr\/fr\/nos-marques\/manutention\/\u00a0\u00bb align=\u00a0\u00bbcenter\u00a0\u00bb _builder_version=\u00a0\u00bb4.19.4&Prime; _module_preset=\u00a0\u00bbdefault\u00a0\u00bb width=\u00a0\u00bb150px\u00a0\u00bb module_alignment=\u00a0\u00bbcenter\u00a0\u00bb global_colors_info=\u00a0\u00bb{}\u00a0\u00bb][\/et_pb_image][et_pb_text admin_label=\u00a0\u00bbEnvironnement\u00a0\u00bb _builder_version=\u00a0\u00bb4.19.4&Prime; _module_preset=\u00a0\u00bbdefault\u00a0\u00bb text_font=\u00a0\u00bbVoltaire|700||on|||||\u00a0\u00bb text_text_color=\u00a0\u00bb#5f5c5b\u00a0\u00bb text_font_size=\u00a0\u00bb23px\u00a0\u00bb text_orientation=\u00a0\u00bbcenter\u00a0\u00bb custom_margin=\u00a0\u00bb||20px||false|false\u00a0\u00bb global_colors_info=\u00a0\u00bb{}\u00a0\u00bb]<\/p>\n<p>Manutention<\/p>\n<p>[\/et_pb_text][et_pb_button button_url=\u00a0\u00bbhttps:\/\/www.nova-groupe.fr\/fr\/nos-marques\/manutention\/\u00a0\u00bb button_text=\u00a0\u00bbMat\u00e9riel \u00e0 la vente\u00a0\u00bb button_alignment=\u00a0\u00bbcenter\u00a0\u00bb _builder_version=\u00a0\u00bb4.19.4&Prime; _module_preset=\u00a0\u00bbdefault\u00a0\u00bb custom_button=\u00a0\u00bbon\u00a0\u00bb button_text_size=\u00a0\u00bb15px\u00a0\u00bb button_bg_color=\u00a0\u00bb#333333&Prime; button_border_width=\u00a0\u00bb0px\u00a0\u00bb button_font=\u00a0\u00bbRoboto|||on|||||\u00a0\u00bb background_layout=\u00a0\u00bbdark\u00a0\u00bb custom_margin=\u00a0\u00bb||9px|||\u00a0\u00bb custom_padding=\u00a0\u00bb6px||||false|false\u00a0\u00bb global_colors_info=\u00a0\u00bb{}\u00a0\u00bb button_bg_color__hover_enabled=\u00a0\u00bbon|desktop\u00a0\u00bb button_bg_color__hover=\u00a0\u00bb#f99c27&Prime;][\/et_pb_button][\/et_pb_column][et_pb_column type=\u00a0\u00bb1_6&Prime; _builder_version=\u00a0\u00bb4.19.4&Prime; _module_preset=\u00a0\u00bbdefault\u00a0\u00bb background_color=\u00a0\u00bb#e6e6e6&Prime; custom_padding=\u00a0\u00bb20px||20px||false|false\u00a0\u00bb global_colors_info=\u00a0\u00bb{}\u00a0\u00bb][et_pb_image src=\u00a0\u00bbhttps:\/\/www.nova-groupe.fr\/wp-content\/uploads\/2023\/12\/Nova-Mobilite.webp\u00a0\u00bb alt=\u00a0\u00bbenvironnement-picto\u00a0\u00bb title_text=\u00a0\u00bbNova-Mobilite\u00a0\u00bb url=\u00a0\u00bb@ET-DC@eyJkeW5hbWljIjp0cnVlLCJjb250ZW50IjoicG9zdF9saW5rX3VybF9wYWdlIiwic2V0dGluZ3MiOnsicG9zdF9pZCI6IjQyMjA5In19@\u00a0\u00bb align=\u00a0\u00bbcenter\u00a0\u00bb _builder_version=\u00a0\u00bb4.23.1&Prime; _dynamic_attributes=\u00a0\u00bburl\u00a0\u00bb _module_preset=\u00a0\u00bbdefault\u00a0\u00bb width=\u00a0\u00bb150px\u00a0\u00bb module_alignment=\u00a0\u00bbcenter\u00a0\u00bb global_colors_info=\u00a0\u00bb{}\u00a0\u00bb][\/et_pb_image][et_pb_text admin_label=\u00a0\u00bbEnvironnement\u00a0\u00bb _builder_version=\u00a0\u00bb4.21.2&Prime; _dynamic_attributes=\u00a0\u00bblink_option_url\u00a0\u00bb _module_preset=\u00a0\u00bbdefault\u00a0\u00bb text_font=\u00a0\u00bbVoltaire|700||on|||||\u00a0\u00bb text_text_color=\u00a0\u00bb#5f5c5b\u00a0\u00bb text_font_size=\u00a0\u00bb23px\u00a0\u00bb text_orientation=\u00a0\u00bbcenter\u00a0\u00bb custom_margin=\u00a0\u00bb||20px||false|false\u00a0\u00bb link_option_url=\u00a0\u00bb@ET-DC@eyJkeW5hbWljIjp0cnVlLCJjb250ZW50IjoicG9zdF9saW5rX3VybF9wYWdlIiwic2V0dGluZ3MiOnsicG9zdF9pZCI6IjQyMjA5In19@\u00a0\u00bb global_colors_info=\u00a0\u00bb{}\u00a0\u00bb]<\/p>\n<p>E-Mobilit\u00e9<\/p>\n<p>[\/et_pb_text][et_pb_button button_url=\u00a0\u00bb@ET-DC@eyJkeW5hbWljIjp0cnVlLCJjb250ZW50IjoicG9zdF9saW5rX3VybF9wYWdlIiwic2V0dGluZ3MiOnsicG9zdF9pZCI6IjQyMjA5In19@\u00a0\u00bb button_text=\u00a0\u00bbMat\u00e9riel \u00e0 la vente\u00a0\u00bb button_alignment=\u00a0\u00bbcenter\u00a0\u00bb _builder_version=\u00a0\u00bb4.21.2&Prime; _dynamic_attributes=\u00a0\u00bbbutton_url\u00a0\u00bb _module_preset=\u00a0\u00bbdefault\u00a0\u00bb custom_button=\u00a0\u00bbon\u00a0\u00bb button_text_size=\u00a0\u00bb15px\u00a0\u00bb button_bg_color=\u00a0\u00bb#333333&Prime; button_border_width=\u00a0\u00bb0px\u00a0\u00bb button_font=\u00a0\u00bbRoboto|||on|||||\u00a0\u00bb background_layout=\u00a0\u00bbdark\u00a0\u00bb custom_margin=\u00a0\u00bb||9px|||\u00a0\u00bb custom_padding=\u00a0\u00bb6px||||false|false\u00a0\u00bb global_colors_info=\u00a0\u00bb{}\u00a0\u00bb button_bg_color__hover_enabled=\u00a0\u00bbon|desktop\u00a0\u00bb button_bg_color__hover=\u00a0\u00bb#f99c27&Prime;][\/et_pb_button][\/et_pb_column][\/et_pb_row][et_pb_row column_structure=\u00a0\u00bb2_5,3_5&Prime; _builder_version=\u00a0\u00bb4.17.6&Prime; _module_preset=\u00a0\u00bbdefault\u00a0\u00bb global_module=\u00a0\u00bb26056&Prime; saved_tabs=\u00a0\u00bball\u00a0\u00bb locked=\u00a0\u00bboff\u00a0\u00bb global_colors_info=\u00a0\u00bb{}\u00a0\u00bb][et_pb_column type=\u00a0\u00bb2_5&Prime; _builder_version=\u00a0\u00bb4.17.6&Prime; _module_preset=\u00a0\u00bbdefault\u00a0\u00bb global_colors_info=\u00a0\u00bb{}\u00a0\u00bb][et_pb_text _builder_version=\u00a0\u00bb4.17.6&Prime; _module_preset=\u00a0\u00bbdefault\u00a0\u00bb header_font=\u00a0\u00bbVoltaire|||on|||||\u00a0\u00bb header_text_align=\u00a0\u00bbleft\u00a0\u00bb header_text_color=\u00a0\u00bb#59595e\u00a0\u00bb header_font_size=\u00a0\u00bb34px\u00a0\u00bb header_3_font=\u00a0\u00bbVoltaire|||on|||||\u00a0\u00bb header_3_text_color=\u00a0\u00bb#59595e\u00a0\u00bb header_3_font_size=\u00a0\u00bb34px\u00a0\u00bb custom_margin=\u00a0\u00bb||8px|||\u00a0\u00bb global_colors_info=\u00a0\u00bb{}\u00a0\u00bb]<\/p>\n<h3>Pourquoi choisir Nova<\/h3>\n<p>[\/et_pb_text][et_pb_divider color=\u00a0\u00bb#59595e\u00a0\u00bb divider_weight=\u00a0\u00bb2px\u00a0\u00bb _builder_version=\u00a0\u00bb4.17.6&Prime; _module_preset=\u00a0\u00bbdefault\u00a0\u00bb width=\u00a0\u00bb80px\u00a0\u00bb module_alignment=\u00a0\u00bbleft\u00a0\u00bb global_colors_info=\u00a0\u00bb{}\u00a0\u00bb][\/et_pb_divider][et_pb_blurb title=\u00a0\u00bbMarques internationales\u00a0\u00bb image=\u00a0\u00bbhttps:\/\/www.nova-groupe.fr\/wp-content\/uploads\/2022\/08\/Marques-internationnales.png\u00a0\u00bb icon_placement=\u00a0\u00bbleft\u00a0\u00bb image_icon_width=\u00a0\u00bb75px\u00a0\u00bb _builder_version=\u00a0\u00bb4.17.6&Prime; _module_preset=\u00a0\u00bbdefault\u00a0\u00bb header_font_size=\u00a0\u00bb27px\u00a0\u00bb custom_margin=\u00a0\u00bb||21px|||\u00a0\u00bb custom_css_blurb_title=\u00a0\u00bbmargin-top:22px;\u00a0\u00bb global_colors_info=\u00a0\u00bb{}\u00a0\u00bb][\/et_pb_blurb][et_pb_blurb title=\u00a0\u00bb\u00c9quipes d&rsquo;experts\u00a0\u00bb image=\u00a0\u00bbhttps:\/\/www.nova-groupe.fr\/wp-content\/uploads\/2022\/08\/Equipes-dexperts.png\u00a0\u00bb icon_placement=\u00a0\u00bbleft\u00a0\u00bb image_icon_width=\u00a0\u00bb75px\u00a0\u00bb _builder_version=\u00a0\u00bb4.17.6&Prime; _module_preset=\u00a0\u00bbdefault\u00a0\u00bb header_font_size=\u00a0\u00bb27px\u00a0\u00bb custom_margin=\u00a0\u00bb||21px|||\u00a0\u00bb custom_css_blurb_title=\u00a0\u00bbmargin-top:22px;\u00a0\u00bb global_colors_info=\u00a0\u00bb{}\u00a0\u00bb][\/et_pb_blurb][et_pb_blurb title=\u00a0\u00bbPremier loueur r\u00e9gional\u00a0\u00bb image=\u00a0\u00bbhttps:\/\/www.nova-groupe.fr\/wp-content\/uploads\/2022\/08\/Premier-loueur-regional.png\u00a0\u00bb icon_placement=\u00a0\u00bbleft\u00a0\u00bb image_icon_width=\u00a0\u00bb75px\u00a0\u00bb _builder_version=\u00a0\u00bb4.17.6&Prime; _module_preset=\u00a0\u00bbdefault\u00a0\u00bb header_font_size=\u00a0\u00bb27px\u00a0\u00bb custom_margin=\u00a0\u00bb||21px|||\u00a0\u00bb custom_css_blurb_title=\u00a0\u00bbmargin-top:22px;\u00a0\u00bb global_colors_info=\u00a0\u00bb{}\u00a0\u00bb][\/et_pb_blurb][et_pb_blurb title=\u00a0\u00bbSAV 6j\/7&Prime; image=\u00a0\u00bbhttps:\/\/www.nova-groupe.fr\/wp-content\/uploads\/2022\/08\/SAV-6j7.png\u00a0\u00bb icon_placement=\u00a0\u00bbleft\u00a0\u00bb image_icon_width=\u00a0\u00bb75px\u00a0\u00bb _builder_version=\u00a0\u00bb4.17.6&Prime; _module_preset=\u00a0\u00bbdefault\u00a0\u00bb header_font_size=\u00a0\u00bb27px\u00a0\u00bb custom_margin=\u00a0\u00bb||21px|||\u00a0\u00bb custom_css_blurb_title=\u00a0\u00bbmargin-top:22px;\u00a0\u00bb global_colors_info=\u00a0\u00bb{}\u00a0\u00bb][\/et_pb_blurb][\/et_pb_column][et_pb_column type=\u00a0\u00bb3_5&Prime; _builder_version=\u00a0\u00bb4.17.6&Prime; _module_preset=\u00a0\u00bbdefault\u00a0\u00bb background_color=\u00a0\u00bb#e6e6e6&Prime; custom_padding=\u00a0\u00bb40px|40px|40px|40px|false|false\u00a0\u00bb global_colors_info=\u00a0\u00bb{}\u00a0\u00bb][et_pb_text _builder_version=\u00a0\u00bb4.17.6&Prime; _module_preset=\u00a0\u00bbdefault\u00a0\u00bb header_font=\u00a0\u00bbVoltaire|||on|||||\u00a0\u00bb header_text_align=\u00a0\u00bbleft\u00a0\u00bb header_text_color=\u00a0\u00bb#59595e\u00a0\u00bb header_font_size=\u00a0\u00bb34px\u00a0\u00bb header_3_font=\u00a0\u00bbVoltaire|||on|||||\u00a0\u00bb header_3_text_color=\u00a0\u00bb#59595e\u00a0\u00bb header_3_font_size=\u00a0\u00bb34px\u00a0\u00bb custom_margin=\u00a0\u00bb||8px|||\u00a0\u00bb global_colors_info=\u00a0\u00bb{}\u00a0\u00bb]<\/p>\n<h3>Nos services<\/h3>\n<p>[\/et_pb_text][et_pb_divider color=\u00a0\u00bb#59595e\u00a0\u00bb divider_weight=\u00a0\u00bb2px\u00a0\u00bb _builder_version=\u00a0\u00bb4.17.6&Prime; _module_preset=\u00a0\u00bbdefault\u00a0\u00bb width=\u00a0\u00bb80px\u00a0\u00bb module_alignment=\u00a0\u00bbleft\u00a0\u00bb custom_margin=\u00a0\u00bb||17px|||\u00a0\u00bb global_colors_info=\u00a0\u00bb{}\u00a0\u00bb][\/et_pb_divider][et_pb_toggle title=\u00a0\u00bbSAV\u00a0\u00bb open_toggle_text_color=\u00a0\u00bb#f99c27&Prime; open_toggle_background_color=\u00a0\u00bb#FFFFFF\u00a0\u00bb closed_toggle_background_color=\u00a0\u00bb#f99c27&Prime; icon_color=\u00a0\u00bb#FFFFFF\u00a0\u00bb toggle_icon=\u00a0\u00bb&#xf101;||fa||900&Prime; open_icon_color=\u00a0\u00bb#f99c27&Prime; _builder_version=\u00a0\u00bb4.18.0&Prime; _module_preset=\u00a0\u00bbdefault\u00a0\u00bb title_text_color=\u00a0\u00bb#FFFFFF\u00a0\u00bb title_font=\u00a0\u00bb|||on|||||\u00a0\u00bb title_font_size=\u00a0\u00bb21px\u00a0\u00bb background_color=\u00a0\u00bb#f99c27&Prime; custom_margin=\u00a0\u00bb||10px||false|false\u00a0\u00bb custom_padding=\u00a0\u00bb10px||10px||false|false\u00a0\u00bb global_colors_info=\u00a0\u00bb{}\u00a0\u00bb]<\/p>\n<p>Chacune de nos bases propose<strong> ses services d&rsquo;entretien<\/strong>, r\u00e9vision et suivi de vos machines et mat\u00e9riels agricole, btp et espaces verts.<\/p>\n<p>Nous effectuons nos<strong> interventions dans nos ateliers ou sur votre lieu de travail \/ domicile avec nos camions ateliers itin\u00e9rants.<\/strong><\/p>\n<p>Un <strong>service d&rsquo;astreinte<\/strong> est disponible <strong>6J\/7<\/strong> pour r\u00e9pondre aux urgences.<\/p>\n<p>Nos agences sont partenaires <a href=\"https:\/\/web.archive.org\/web\/20220516092319\/https:\/\/www.promodis.fr\/\" target=\"_blank\" rel=\"noopener\">Promodis<\/a> avec un service complet de centre vitre, climatisation, et pneus.<\/p>\n<p>[\/et_pb_toggle][et_pb_toggle title=\u00a0\u00bbLibre service\u00a0\u00bb open_toggle_text_color=\u00a0\u00bb#f99c27&Prime; open_toggle_background_color=\u00a0\u00bb#FFFFFF\u00a0\u00bb closed_toggle_background_color=\u00a0\u00bb#f99c27&Prime; icon_color=\u00a0\u00bb#FFFFFF\u00a0\u00bb toggle_icon=\u00a0\u00bb&#xf101;||fa||900&Prime; open_icon_color=\u00a0\u00bb#f99c27&Prime; _builder_version=\u00a0\u00bb4.17.6&Prime; _module_preset=\u00a0\u00bbdefault\u00a0\u00bb title_text_color=\u00a0\u00bb#FFFFFF\u00a0\u00bb title_font=\u00a0\u00bb|||on|||||\u00a0\u00bb title_font_size=\u00a0\u00bb21px\u00a0\u00bb background_color=\u00a0\u00bb#f99c27&Prime; custom_margin=\u00a0\u00bb||10px||false|false\u00a0\u00bb custom_padding=\u00a0\u00bb10px||10px||false|false\u00a0\u00bb global_colors_info=\u00a0\u00bb{}\u00a0\u00bb]<\/p>\n<p><strong>Le libre-service selon Nova<\/strong> c\u2019est un espace de 400m\u00b2 au minimum proposant du<strong> mat\u00e9riel d\u2019espaces verts et agricole,<\/strong> de l\u2019outillage, de la boulonnerie, des pi\u00e8ces d\u00e9tach\u00e9es toutes marques, de la cl\u00f4ture, des jouets et du textile avec pr\u00e8s de 3,2 millions de r\u00e9f\u00e9rences g\u00e9r\u00e9es par le groupe. <strong>Des magasiniers vous accueillent et vous conseillent toute la semaine de 8h \u00e0 18h et le samedi de 8h30 \u00e0 17h30<\/strong> pour vous procurer le meilleur des services. Nova vous garantit un rapide approvisionnement de pi\u00e8ces qui s\u2019effectue en g\u00e9n\u00e9ral, sous 48h pour les plus grandes marques telles que John Deere, Stihl, Bobcat, etc&#8230; Les pi\u00e8ces command\u00e9es peuvent \u00eatre aussi directement exp\u00e9di\u00e9es chez nos clients.\u00a0 Notre but\u00a0: vous satisfaire pleinement et dans les plus brefs d\u00e9lais.<\/p>\n<p><img decoding=\"async\" class=\"alignnone wp-image-12412\" src=\"https:\/\/www.nova-groupe.fr\/wp-content\/uploads\/2019\/03\/libre-service-magasin-agence-nova-groupe-en-region-paca-300x200.jpg\" alt=\"libre service magasin agence nova groupe en region paca Le libre-service selon Nova c\u2019est un espace de 400m\u00b2 au minimum proposant du mat\u00e9riel d\u2019espaces verts et agricole, de l\u2019outillage, de la boulonnerie, des pi\u00e8ces d\u00e9tach\u00e9es toutes marques, de la cl\u00f4ture, des jouets et du textile avec pr\u00e8s de 3,2 millions de r\u00e9f\u00e9rences g\u00e9r\u00e9es par le groupe.\" width=\"700\" height=\"467\" srcset=\"https:\/\/www.nova-groupe.fr\/wp-content\/uploads\/2019\/03\/libre-service-magasin-agence-nova-groupe-en-region-paca-300x200.jpg 300w, https:\/\/www.nova-groupe.fr\/wp-content\/uploads\/2019\/03\/libre-service-magasin-agence-nova-groupe-en-region-paca-768x512.jpg 768w, https:\/\/www.nova-groupe.fr\/wp-content\/uploads\/2019\/03\/libre-service-magasin-agence-nova-groupe-en-region-paca-1024x683.jpg 1024w, https:\/\/www.nova-groupe.fr\/wp-content\/uploads\/2019\/03\/libre-service-magasin-agence-nova-groupe-en-region-paca-272x182.jpg 272w, https:\/\/www.nova-groupe.fr\/wp-content\/uploads\/2019\/03\/libre-service-magasin-agence-nova-groupe-en-region-paca.jpg 1152w\" sizes=\"(max-width: 700px) 100vw, 700px\" \/><\/p>\n<p>[\/et_pb_toggle][et_pb_toggle title=\u00a0\u00bbFinancement\u00a0\u00bb open_toggle_text_color=\u00a0\u00bb#f99c27&Prime; open_toggle_background_color=\u00a0\u00bb#FFFFFF\u00a0\u00bb closed_toggle_background_color=\u00a0\u00bb#f99c27&Prime; icon_color=\u00a0\u00bb#FFFFFF\u00a0\u00bb toggle_icon=\u00a0\u00bb&#xf101;||fa||900&Prime; open_icon_color=\u00a0\u00bb#f99c27&Prime; _builder_version=\u00a0\u00bb4.17.6&Prime; _module_preset=\u00a0\u00bbdefault\u00a0\u00bb title_text_color=\u00a0\u00bb#FFFFFF\u00a0\u00bb title_font=\u00a0\u00bb|||on|||||\u00a0\u00bb title_font_size=\u00a0\u00bb21px\u00a0\u00bb background_color=\u00a0\u00bb#f99c27&Prime; custom_margin=\u00a0\u00bb||10px||false|false\u00a0\u00bb custom_padding=\u00a0\u00bb10px||10px||false|false\u00a0\u00bb global_colors_info=\u00a0\u00bb{}\u00a0\u00bb]<\/p>\n<p>Deux types de financement sont envisageables : le financement dit classique et le cr\u00e9dit-bail. Le groupe Nova vous facilite les d\u00e9marches et vous propose le meilleur bar\u00e8me possible. La soci\u00e9t\u00e9 s\u2019occupe pour vous de trouver les meilleurs taux. Choisir un financement via Nova c\u2019est choisir un service de financement pr\u00eat \u00e0 l\u2019emploi.<\/p>\n<p>[\/et_pb_toggle][\/et_pb_column][\/et_pb_row][\/et_pb_section][et_pb_section fb_built=\u00a0\u00bb1&Prime; _builder_version=\u00a0\u00bb4.21.2&Prime; _module_preset=\u00a0\u00bbdefault\u00a0\u00bb global_colors_info=\u00a0\u00bb{}\u00a0\u00bb][et_pb_row _builder_version=\u00a0\u00bb4.21.2&Prime; _module_preset=\u00a0\u00bbdefault\u00a0\u00bb global_colors_info=\u00a0\u00bb{}\u00a0\u00bb][et_pb_column type=\u00a0\u00bb4_4&Prime; _builder_version=\u00a0\u00bb4.21.2&Prime; _module_preset=\u00a0\u00bbdefault\u00a0\u00bb global_colors_info=\u00a0\u00bb{}\u00a0\u00bb][\/et_pb_column][\/et_pb_row][\/et_pb_section]<\/p>\n","protected":false},"excerpt":{"rendered":"<p>ABCEDFGHIJKLMNOPQRSTUVWXYZ T\u00e9l\u00e9charger nos brochures \ud83d\uddceET LANDER ETESIA\u00a0ETESIA: ET-LANDER L&rsquo;ET-LANDER rassemble tout le savoir-faire d&rsquo;ETESIA, sp\u00e9cialiste\u00a0depuis 60 ans dans les domaines des tondeuses autoport\u00e9es, des transmissions \u00e9lectriques et de l&rsquo;entretien des espaces verts. \u00c9cologique, puissant et autonome\u00a0: le v\u00e9hicule multifonction (VMF) \u00e9lectrique ET-LANDER est \u00e0 l&rsquo;aise partout, en ville comme \u00e0 la campagne. L&rsquo;ET-LANDER ETESIA est [&hellip;]<\/p>\n","protected":false},"author":3,"featured_media":42358,"parent":42209,"menu_order":0,"comment_status":"closed","ping_status":"closed","template":"","meta":{"_acf_changed":false,"_et_pb_use_builder":"on","_et_pb_old_content":"<div id=\"pl-7274\" class=\"panel-layout\"><div id=\"pg-7274-0\" class=\"panel-grid panel-no-style\" data-style=\"{\"background_display\":\"tile\",\"cell_alignment\":\"flex-start\"}\"><div id=\"pgc-7274-0-0\" class=\"panel-grid-cell\" data-weight=\"1\"><div id=\"panel-7274-0-0-0\" class=\"so-panel widget widget_lk-title panel-first-child panel-last-child\" data-index=\"0\" data-style=\"{\"background_image_attachment\":false,\"background_display\":\"tile\"}\">[siteorigin_widget class=\"LkTitle_Widget\"]<input type=\"hidden\" value=\"{\"instance\":{\"lk_title\":\"Location \",\"lk_title_link\":\"\",\"lk_title_color\":\"grey\",\"lk_title_style\":\"style-1\",\"_sow_form_id\":\"58e64bd6b0731\",\"_sow_form_timestamp\":\"1508853473424\",\"so_sidebar_emulator_id\":\"lk-title-727410000\",\"option_name\":\"widget_lk-title\"},\"args\":{\"before_widget\":\"<div id=\\\"panel-7274-0-0-0\\\" class=\\\"so-panel widget widget_lk-title panel-first-child panel-last-child\\\" data-index=\\\"0\\\" data-style=\\\"{\"background_image_attachment\":false,\"background_display\":\"tile\"}\\\" >\",\"after_widget\":\"<\\\/div>\",\"before_title\":\"<h3 class=\\\"widget-title\\\">\",\"after_title\":\"<\\\/h3>\",\"widget_id\":\"widget-0-0-0\"}}\" \/>[\/siteorigin_widget]<\/div><\/div><\/div><div id=\"pg-7274-1\" class=\"panel-grid panel-no-style\" data-style=\"{\"background_display\":\"tile\",\"cell_alignment\":\"flex-start\"}\"><div id=\"pgc-7274-1-0\" class=\"panel-grid-cell\" data-weight=\"0.5\"><div id=\"panel-7274-1-0-0\" class=\"so-panel widget widget_sow-image panel-first-child\" data-index=\"1\" data-style=\"{\"background_image_attachment\":false,\"background_display\":\"tile\"}\">[siteorigin_widget class=\"SiteOrigin_Widget_Image_Widget\"]<input type=\"hidden\" value=\"{\"instance\":{\"image\":9943,\"image_fallback\":\"http:\\\/\\\/6458\",\"size\":\"full\",\"align\":\"default\",\"title_align\":\"default\",\"title\":\"\",\"title_position\":\"hidden\",\"alt\":\"\",\"url\":\"\",\"bound\":true,\"_sow_form_id\":\"59ef59de9354b\",\"_sow_form_timestamp\":\"1529672676263\",\"new_window\":false,\"full_width\":false,\"so_sidebar_emulator_id\":\"sow-image-727410001\",\"option_name\":\"widget_sow-image\"},\"args\":{\"before_widget\":\"<div id=\\\"panel-7274-1-0-0\\\" class=\\\"so-panel widget widget_sow-image panel-first-child\\\" data-index=\\\"1\\\" data-style=\\\"{\"background_image_attachment\":false,\"background_display\":\"tile\"}\\\" >\",\"after_widget\":\"<\\\/div>\",\"before_title\":\"<h3 class=\\\"widget-title\\\">\",\"after_title\":\"<\\\/h3>\",\"widget_id\":\"widget-1-0-0\"}}\" \/>[\/siteorigin_widget]<\/div><div id=\"panel-7274-1-0-1\" class=\"so-panel widget widget_sow-image panel-last-child\" data-index=\"2\" data-style=\"{\"background_image_attachment\":false,\"background_display\":\"tile\"}\">[siteorigin_widget class=\"SiteOrigin_Widget_Image_Widget\"]<input type=\"hidden\" value=\"{\"instance\":{\"image\":9944,\"image_fallback\":\"http:\\\/\\\/6458\",\"size\":\"full\",\"align\":\"default\",\"title_align\":\"default\",\"title\":\"\",\"title_position\":\"hidden\",\"alt\":\"\",\"url\":\"\",\"bound\":true,\"_sow_form_id\":\"58e64afbb6609\",\"_sow_form_timestamp\":\"1529672665977\",\"new_window\":false,\"full_width\":false,\"so_sidebar_emulator_id\":\"sow-image-727410002\",\"option_name\":\"widget_sow-image\"},\"args\":{\"before_widget\":\"<div id=\\\"panel-7274-1-0-1\\\" class=\\\"so-panel widget widget_sow-image panel-last-child\\\" data-index=\\\"2\\\" data-style=\\\"{\"background_image_attachment\":false,\"background_display\":\"tile\"}\\\" >\",\"after_widget\":\"<\\\/div>\",\"before_title\":\"<h3 class=\\\"widget-title\\\">\",\"after_title\":\"<\\\/h3>\",\"widget_id\":\"widget-1-0-1\"}}\" \/>[\/siteorigin_widget]<\/div><\/div><div id=\"pgc-7274-1-1\" class=\"panel-grid-cell\" data-weight=\"0.5\"><div id=\"panel-7274-1-1-0\" class=\"so-panel widget widget_sow-editor panel-first-child panel-last-child\" data-index=\"3\" data-style=\"{\"class\":\"pam\",\"background_image_attachment\":false,\"background_display\":\"tile\",\"margin\":\"-30px 0px 0px 0px\"}\"><div class=\"pam panel-widget-style panel-widget-style-for-7274-1-1-0\"><div class=\"so-widget-sow-editor so-widget-sow-editor-base\"><div class=\"siteorigin-widget-tinymce textwidget\"><h2>Location de votre mat\u00e9riel en toute simplicit\u00e9 !<\/h2><h4><span style=\"color: #ff9900;\">NOVA LOCATION<\/span>, <strong>premier loueur r\u00e9gional<\/strong>,\u00a0 vous propose un service de location sur du mat\u00e9riel sp\u00e9cifique et dernier cri r\u00e9pondant aux demandes les plus pointues.<\/h4><p>Au travers <strong><span class=\"orange\"><a href=\"https:\/\/www.nova-groupe.fr\/fr\/nos-agences\/\" target=\"_blank\" rel=\"noopener noreferrer\">nos 11 agences Grand SUD<\/a><\/span>, nos \u00e9quipes d\u2019experts<\/strong> vous conseillent et vous proposent le produit le plus performant adapt\u00e9 \u00e0 votre projet.<\/p><p>Notre service de <strong>location<\/strong> s\u2019adresse aussi bien <strong>aux particuliers qu\u2019aux professionnels<\/strong> avec des contrats pouvant \u00eatre <strong>\u00e9tablis sur plusieurs jours<\/strong>.<\/p><p>Acc\u00e9dez \u00e0 une large gamme de marques: <a href=\"https:\/\/www.nova-groupe.fr\/fr\/marques\/john-deere-espaces-verts-tondeuses-motoculture-paca\/\">John Deere<\/a>, <a href=\"https:\/\/www.nova-groupe.fr\/fr\/marques\/concessionnaire-exclusif-bobcat-vente-achat-location-paca-nova-groupe\/\" target=\"_blank\" rel=\"noopener noreferrer\">Bobcat<\/a>, <a href=\"https:\/\/www.nova-groupe.fr\/fr\/marques\/stihl-tronconneuse-debroussailleuse-taille-haie-decoupeuse-disque-tariere-souffleur-atomiseur-pulverisateur-aspiro-broyeur-combisysteme-multisysteme-nettoyeur-haute-pression-systeme-net\/\" target=\"_blank\" rel=\"noopener noreferrer\">Stihl<\/a>, <a href=\"https:\/\/www.nova-groupe.fr\/fr\/marques\/oeliatec\/\" target=\"_blank\" rel=\"noopener noreferrer\">Oeliatec<\/a>, <a href=\"https:\/\/www.nova-groupe.fr\/fr\/marques\/amazone-profihopper-tondobalai-gamme-espaces-verts\/\" target=\"_blank\" rel=\"noopener noreferrer\">Amazone<\/a>, <a href=\"https:\/\/www.nova-groupe.fr\/fr\/marques\/broyeurs-greenmech\/\" target=\"_blank\" rel=\"noopener noreferrer\">Greenmech<\/a>, <a href=\"https:\/\/www.nova-groupe.fr\/fr\/marques\/grillo\/\" target=\"_blank\" rel=\"noopener noreferrer\">Grillo<\/a>.<\/p><p><strong>Les avantages de notre formule de location:<\/strong><\/p><ul><li>- Travaillez en toute s\u00e9r\u00e9nit\u00e9 avec un <strong>mat\u00e9riel r\u00e9vis\u00e9 et op\u00e9rationnel<\/strong>.<\/li><li>- \u00c9vitez l\u2019obsolescence et optez pour un <strong>mat\u00e9riel derni\u00e8re g\u00e9n\u00e9ration & de grande marque.<\/strong><\/li><li>- Adaptez votre budget \u00e0 votre besoin pour une <strong>location \u00e9conomique.<\/strong><\/li><\/ul><p>R\u00e9servez d\u00e8s maintenant votre mat\u00e9riel : tracteur agricole, mini pelle, Bobcat, tondeuse, d\u00e9broussailleuse, broyeur, tron\u00e7onneuse, taille haie, motoculteur, camion benne et remorques sur nos agences de Saint-Cannat, Arles, Cavaillon, Pierrelatte, Oraison, Saint Laurent Des Arbres, Gap, Carpentras, Saint Hilaire De Brethmas, Villeneuve Les Avignon.<\/p><p>Nous vous proposons un service de location pour une journ\u00e9e, un week-end ou plusieurs semaines pour vos travaux ponctuels entretien d'espaces verts, un besoin urgent ou saisonnier sur du mat\u00e9riel agricole et travaux publics \u00e0 proximit\u00e9 de Marseille, Aix-En-Provence, Avignon, N\u00eemes, Orange, Manosque, Sisteron et r\u00e9gion PACA. (d\u00e9partements 04 alpes de Hautes Provence, 05 Hautes Alpes, 06 Alpes Maritimes, 13 Bouches du Rh\u00f4ne, 26 Dr\u00f4me, 30 Gard , 83 Var et 84 Vaucluse.)<\/p><p><a class=\"button\" href=\"https:\/\/www.nova-groupe.fr\/wp-content\/uploads\/2022\/01\/plaquette-location-nova-materiels-agricole-btp-espace-verts-paca.pdf\" target=\"_blank\" rel=\"noopener noreferrer\">T\u00e9l\u00e9chargez notre brochure de location<\/a><\/p><\/div><\/div><\/div><\/div><\/div><\/div><div id=\"pg-7274-2\" class=\"panel-grid panel-has-style\" data-style=\"{\"background_display\":\"tile\",\"row_stretch\":\"full-stretched\",\"cell_alignment\":\"flex-start\"}\" data-ratio=\"1\" data-ratio-direction=\"right\"><div class=\"siteorigin-panels-stretch panel-row-style panel-row-style-for-7274-2\" data-stretch-type=\"full-stretched\"><div id=\"pgc-7274-2-0\" class=\"panel-grid-cell\" data-weight=\"1\"><div id=\"panel-7274-2-0-0\" class=\"so-panel widget widget_lk-title panel-first-child panel-last-child\" data-index=\"4\" data-style=\"{\"background_display\":\"tile\"}\">[siteorigin_widget class=\"LkTitle_Widget\"]<input type=\"hidden\" value=\"{\"instance\":{\"lk_title\":\"Location de tracteurs agricoles\",\"lk_title_link\":\"https:\\\/\\\/www.nova-groupe.fr\\\/fr\\\/location-de-tracteurs-agricoles-en-paca\\\/\",\"lk_title_color\":\"grey\",\"lk_title_style\":\"style-1\",\"_sow_form_id\":\"5a6f25063e6ce\",\"_sow_form_timestamp\":\"1517233435139\",\"so_sidebar_emulator_id\":\"lk-title-727410004\",\"option_name\":\"widget_lk-title\"},\"args\":{\"before_widget\":\"<div id=\\\"panel-7274-2-0-0\\\" class=\\\"so-panel widget widget_lk-title panel-first-child panel-last-child\\\" data-index=\\\"4\\\" data-style=\\\"{\"background_display\":\"tile\"}\\\" >\",\"after_widget\":\"<\\\/div>\",\"before_title\":\"<h3 class=\\\"widget-title\\\">\",\"after_title\":\"<\\\/h3>\",\"widget_id\":\"widget-2-0-0\"}}\" \/>[\/siteorigin_widget]<\/div><\/div><\/div><\/div><div id=\"pg-7274-3\" class=\"panel-grid panel-no-style\" data-style=\"{\"background_display\":\"tile\",\"cell_alignment\":\"flex-start\"}\"><div id=\"pgc-7274-3-0\" class=\"panel-grid-cell\" data-weight=\"0.5\"><div id=\"panel-7274-3-0-0\" class=\"so-panel widget widget_sow-image panel-first-child panel-last-child\" data-index=\"5\" data-style=\"{\"background_display\":\"tile\"}\">[siteorigin_widget class=\"SiteOrigin_Widget_Image_Widget\"]<input type=\"hidden\" value=\"{\"instance\":{\"image\":8733,\"image_fallback\":\"http:\\\/\\\/6458\",\"size\":\"full\",\"align\":\"default\",\"title\":\"Location de tracteurs agricols en paca chez nova\",\"title_position\":\"hidden\",\"alt\":\"\",\"url\":\"\",\"bound\":true,\"_sow_form_id\":\"5a6f259a81bf4\",\"_sow_form_timestamp\":\"1519221706952\",\"new_window\":false,\"full_width\":false,\"so_sidebar_emulator_id\":\"sow-image-727410005\",\"option_name\":\"widget_sow-image\"},\"args\":{\"before_widget\":\"<div id=\\\"panel-7274-3-0-0\\\" class=\\\"so-panel widget widget_sow-image panel-first-child panel-last-child\\\" data-index=\\\"5\\\" data-style=\\\"{\"background_display\":\"tile\"}\\\" >\",\"after_widget\":\"<\\\/div>\",\"before_title\":\"<h3 class=\\\"widget-title\\\">\",\"after_title\":\"<\\\/h3>\",\"widget_id\":\"widget-3-0-0\"}}\" \/>[\/siteorigin_widget]<\/div><\/div><div id=\"pgc-7274-3-1\" class=\"panel-grid-cell\" data-weight=\"0.5\"><div id=\"panel-7274-3-1-0\" class=\"so-panel widget widget_sow-editor panel-first-child panel-last-child\" data-index=\"6\" data-style=\"{\"class\":\"pam\",\"background_image_attachment\":false,\"background_display\":\"tile\",\"margin\":\"-30px 0px 0px 0px\"}\"><div class=\"pam panel-widget-style panel-widget-style-for-7274-3-1-0\"><div class=\"so-widget-sow-editor so-widget-sow-editor-base\"><div class=\"siteorigin-widget-tinymce textwidget\"><h2>Location de votre tracteur agricole sur la r\u00e9gion PACA.<\/h2><p><strong><span style=\"color: #ff9900;\">NOVA LOCATION<\/span><\/strong> vous propose un service <a href=\"https:\/\/www.nova-groupe.fr\/fr\/location-de-tracteurs-agricoles-en-paca\/\">Location de tracteur<\/a> pour une journ\u00e9e, un week-end ou plusieurs semaines pour vos travaux ponctuels, un besoin urgent ou saisonnier sur du mat\u00e9riel agricole et travaux publics \u00e0 proximit\u00e9 de Marseille, Aix-En-Provence, Avignon, N\u00eemes, Orange, Manosque, Sisteron et r\u00e9gion PACA. (d\u00e9partements 04 alpes de Hautes Provence, 05 Hautes Alpes, 06 Alpes Maritimes, 13 Bouches du Rh\u00f4ne, 26 Dr\u00f4me, 30 Gard , 83 Var et 84 Vaucluse.)<\/p><p><a href=\"https:\/\/www.nova-groupe.fr\/fr\/location-de-tracteurs-agricoles-en-paca\/\">D\u00e9couvrez notre offre de location et le tarif de location<\/a> de votre tracteur agricole <a href=\"https:\/\/www.nova-groupe.fr\/fr\/marques\/john-deere-paca-vente-achat-location-novagroupe\/\" target=\"_blank\" rel=\"noopener noreferrer\">John Deere<\/a> sans chauffeur: <a class=\"button\" href=\"https:\/\/www.nova-groupe.fr\/fr\/location-de-tracteurs-agricoles-en-paca\">Cliquez ici<br \/>pour plus d'informations sur notre offre de location de tracteurs<\/a><\/p><\/div><\/div><\/div><\/div><\/div><\/div><div id=\"pg-7274-4\" class=\"panel-grid panel-has-style\" data-style=\"{\"background_display\":\"tile\",\"row_stretch\":\"full-stretched\",\"cell_alignment\":\"flex-start\"}\" data-ratio=\"1\" data-ratio-direction=\"right\"><div class=\"siteorigin-panels-stretch panel-row-style panel-row-style-for-7274-4\" data-stretch-type=\"full-stretched\"><div id=\"pgc-7274-4-0\" class=\"panel-grid-cell\" data-weight=\"1\"><div id=\"panel-7274-4-0-0\" class=\"so-panel widget widget_lk-title panel-first-child panel-last-child\" data-index=\"7\" data-style=\"{\"background_image_attachment\":false,\"background_display\":\"tile\"}\">[siteorigin_widget class=\"LkTitle_Widget\"]<input type=\"hidden\" value=\"{\"instance\":{\"lk_title\":\"Location de mat\\u00e9riels BTP, Terrassement, Carri\\u00e8re, Environnement\",\"lk_title_link\":\"http:\\\/\\\/www.medimat.fr\\\/wp-content\\\/uploads\\\/2018\\\/03\\\/tarif-location-medimat-012019..pdf\",\"lk_title_color\":\"grey\",\"lk_title_style\":\"style-1\",\"_sow_form_id\":\"11482844685c3f2ac84c3f7767435755\",\"_sow_form_timestamp\":\"1547643622609\",\"so_sidebar_emulator_id\":\"lk-title-727410007\",\"option_name\":\"widget_lk-title\"},\"args\":{\"before_widget\":\"<div id=\\\"panel-7274-4-0-0\\\" class=\\\"so-panel widget widget_lk-title panel-first-child panel-last-child\\\" data-index=\\\"7\\\" data-style=\\\"{\"background_image_attachment\":false,\"background_display\":\"tile\"}\\\" >\",\"after_widget\":\"<\\\/div>\",\"before_title\":\"<h3 class=\\\"widget-title\\\">\",\"after_title\":\"<\\\/h3>\",\"widget_id\":\"widget-4-0-0\"}}\" \/>[\/siteorigin_widget]<\/div><\/div><\/div><\/div><div id=\"pg-7274-5\" class=\"panel-grid panel-no-style\" data-style=\"{\"background_display\":\"tile\",\"cell_alignment\":\"flex-start\"}\"><div id=\"pgc-7274-5-0\" class=\"panel-grid-cell\" data-weight=\"0.5\"><div id=\"panel-7274-5-0-0\" class=\"so-panel widget widget_sow-image panel-first-child\" data-index=\"8\" data-style=\"{\"background_image_attachment\":false,\"background_display\":\"tile\"}\">[siteorigin_widget class=\"SiteOrigin_Widget_Image_Widget\"]<input type=\"hidden\" value=\"{\"instance\":{\"image\":11789,\"image_fallback\":\"http:\\\/\\\/6458\",\"size\":\"full\",\"align\":\"default\",\"title_align\":\"default\",\"title\":\"Location materiels Gamme Lource, Compacte, Recyclage, Environnement\",\"title_position\":\"hidden\",\"alt\":\"\",\"url\":\"\",\"bound\":true,\"_sow_form_id\":\"3925011255c3f2e30edca3440945096\",\"_sow_form_timestamp\":\"1547644781522\",\"new_window\":false,\"full_width\":false,\"so_sidebar_emulator_id\":\"sow-image-727410008\",\"option_name\":\"widget_sow-image\"},\"args\":{\"before_widget\":\"<div id=\\\"panel-7274-5-0-0\\\" class=\\\"so-panel widget widget_sow-image panel-first-child\\\" data-index=\\\"8\\\" data-style=\\\"{\"background_image_attachment\":false,\"background_display\":\"tile\"}\\\" >\",\"after_widget\":\"<\\\/div>\",\"before_title\":\"<h3 class=\\\"widget-title\\\">\",\"after_title\":\"<\\\/h3>\",\"widget_id\":\"widget-5-0-0\"}}\" \/>[\/siteorigin_widget]<\/div><div id=\"panel-7274-5-0-1\" class=\"so-panel widget widget_sow-image panel-last-child\" data-index=\"9\" data-style=\"{\"background_image_attachment\":false,\"background_display\":\"tile\"}\">[siteorigin_widget class=\"SiteOrigin_Widget_Image_Widget\"]<input type=\"hidden\" value=\"{\"instance\":{\"image\":14853,\"image_fallback\":\"http:\\\/\\\/6458\",\"size\":\"full\",\"align\":\"default\",\"title_align\":\"default\",\"title\":\"Location materiels Gamme Lource, Compacte, Recyclage, Environnement, broyeur bois\",\"title_position\":\"hidden\",\"alt\":\"\",\"url\":\"\",\"bound\":true,\"_sow_form_id\":\"7046780035c3f2f9d7cd74204913115\",\"_sow_form_timestamp\":\"1565337930459\",\"new_window\":false,\"full_width\":false,\"so_sidebar_emulator_id\":\"sow-image-727410009\",\"option_name\":\"widget_sow-image\"},\"args\":{\"before_widget\":\"<div id=\\\"panel-7274-5-0-1\\\" class=\\\"so-panel widget widget_sow-image panel-last-child\\\" data-index=\\\"9\\\" data-style=\\\"{\"background_image_attachment\":false,\"background_display\":\"tile\"}\\\" >\",\"after_widget\":\"<\\\/div>\",\"before_title\":\"<h3 class=\\\"widget-title\\\">\",\"after_title\":\"<\\\/h3>\",\"widget_id\":\"widget-5-0-1\"}}\" \/>[\/siteorigin_widget]<\/div><\/div><div id=\"pgc-7274-5-1\" class=\"panel-grid-cell\" data-weight=\"0.5\"><div id=\"panel-7274-5-1-0\" class=\"so-panel widget widget_sow-editor panel-first-child\" data-index=\"10\" data-style=\"{\"class\":\"pam\",\"background_image_attachment\":false,\"background_display\":\"tile\",\"margin\":\"-30px 0px 0px 0px\"}\"><div class=\"pam panel-widget-style panel-widget-style-for-7274-5-1-0\"><div class=\"so-widget-sow-editor so-widget-sow-editor-base\"><div class=\"siteorigin-widget-tinymce textwidget\"><h2>Location de mat\u00e9riels pour artisans, btp, travaux publics, industries, recyclage, concassage et criblage.<\/h2><p><span style=\"color: #ff9900;\"><strong>NOVA LOCATION<\/strong><\/span>, propose \u00e9galement <strong>location de gros mat\u00e9riels<\/strong> pour le<strong> gros \u0153uvre et second \u0153uvre pour vos chantiers<\/strong>\u00a0: chariots de manutention, nacelles, b\u00e9tonni\u00e8res, d\u00e9coupeuses, projeteurs d\u2019enduit, compresseurs, aspirateurs, ponceuses, carotteuses\u2026<\/p><p>Pour tous vos <strong>gros travaux<\/strong>, <span style=\"color: #ff9900;\"><strong>NOVA LOCATION<\/strong> <\/span>dispose \u00e9galement d\u2019une gamme unique de <strong>mat\u00e9riels de terrassement disponible \u00e0 la location<\/strong> :<\/p><p><strong>- Une Gamme Compacte<\/strong>, compos\u00e9e de Mini-Pelles jusqu\u2019\u00e0 10T, de Chargeuses Articul\u00e9es ou Compactes, de Pelles sur Pneus, de Mat\u00e9riels de Compactage (Pilonneuses, Plaques Vibrantes, Rouleaux Compacteurs).<\/p><p><strong>- Une Gamme Lourde<\/strong> de Mat\u00e9riels de 11T \u00e0 80T de marque LIEBHERR, fiables et robustes, vous proposant des Pelles sur Chenilles ou sur Pneus, de Tombereaux, et de Gros Compacteurs.<\/p><p>Cette gamme vous est propos\u00e9e avec un<strong> large choix d\u2019accessoires<\/strong> : Brise-Roches Hydrauliques, Pinces de D\u00e9molition, Pinces de Tri, Godets de Terrassement et de Curage\u2026<\/p><p><strong>- Une Gamme Recyclage<\/strong> environnement pour le <strong>Concassage Criblage et Broyeurs de d\u00e9chets<\/strong>.<\/p><p><strong>Louez votre mat\u00e9riel Gamme Compacte, Gamme Lourde et Gamme Recyclage sur le secteur grand SUD<\/strong> \u00e0 proximit\u00e9 de Marseille, Aix-En-Provence, Avignon, N\u00eemes, Orange, Manosque, Sisteron, Montpellier, Albi, B\u00e9ziers, Perpignan\u00a0 et r\u00e9gion PACA. (d\u00e9partements 04 alpes de Hautes Provence, 05 Hautes Alpes, 06 Alpes Maritimes, 13 Bouches du Rh\u00f4ne, 26 Dr\u00f4me, 30 Gard , 34 H\u00e9rault, 66 Roussillon, 83 Var et 84 Vaucluse.)<\/p><\/div><\/div><\/div><\/div><div id=\"panel-7274-5-1-1\" class=\"so-panel widget widget_lk-accordion panel-last-child\" data-index=\"11\" data-style=\"{\"background_image_attachment\":false,\"background_display\":\"tile\",\"margin\":\"0px 0px 0px 0px\"}\">[siteorigin_widget class=\"LK_Accordion_Widget\"]<input type=\"hidden\" value=\"{\"instance\":{\"title\":\"\",\"style-font\":\"light\",\"accordion\":[{\"title\":\"Formulaire de contact LOCATION BTP\",\"panel_content\":\"<p>[contact-form-7 id=\\\"16006\\\" title=\\\"Formulaire de contact LOCATION BTP\\\"]<\\\/p>\\n\",\"panel_content_selected_editor\":\"tinymce\"}],\"_sow_form_id\":\"5705792865d4d6d95a88cc536642510\",\"_sow_form_timestamp\":\"1565355463436\",\"toggle\":false,\"so_sidebar_emulator_id\":\"lk-accordion-727410011\",\"option_name\":\"widget_lk-accordion\"},\"args\":{\"before_widget\":\"<div id=\\\"panel-7274-5-1-1\\\" class=\\\"so-panel widget widget_lk-accordion panel-last-child\\\" data-index=\\\"11\\\" data-style=\\\"{\"background_image_attachment\":false,\"background_display\":\"tile\",\"margin\":\"0px 0px 0px 0px\"}\\\" >\",\"after_widget\":\"<\\\/div>\",\"before_title\":\"<h3 class=\\\"widget-title\\\">\",\"after_title\":\"<\\\/h3>\",\"widget_id\":\"widget-5-1-1\"}}\" \/>[\/siteorigin_widget]<\/div><\/div><\/div><div id=\"pg-7274-6\" class=\"panel-grid panel-has-style\" data-style=\"{\"class\":\"grey-alt-bg pbm\",\"background_display\":\"tile\",\"cell_alignment\":\"flex-start\"}\"><div class=\"grey-alt-bg pbm panel-row-style panel-row-style-for-7274-6\"><div id=\"pgc-7274-6-0\" class=\"panel-grid-cell\" data-weight=\"1\"><div id=\"panel-7274-6-0-0\" class=\"so-panel widget widget_sow-image panel-first-child\" data-index=\"12\" data-style=\"{\"background_display\":\"tile\"}\">[siteorigin_widget class=\"SiteOrigin_Widget_Image_Widget\"]<input type=\"hidden\" value=\"{\"instance\":{\"image\":94,\"image_fallback\":\"\",\"size\":\"full\",\"align\":\"default\",\"title\":\"\",\"title_position\":\"hidden\",\"alt\":\"\",\"url\":\"\",\"bound\":true,\"_sow_form_id\":\"58e64e20011b4\",\"_sow_form_timestamp\":\"\",\"new_window\":false,\"full_width\":false,\"so_sidebar_emulator_id\":\"sow-image-727410012\",\"option_name\":\"widget_sow-image\"},\"args\":{\"before_widget\":\"<div id=\\\"panel-7274-6-0-0\\\" class=\\\"so-panel widget widget_sow-image panel-first-child\\\" data-index=\\\"12\\\" data-style=\\\"{\"background_display\":\"tile\"}\\\" >\",\"after_widget\":\"<\\\/div>\",\"before_title\":\"<h3 class=\\\"widget-title\\\">\",\"after_title\":\"<\\\/h3>\",\"widget_id\":\"widget-6-0-0\"}}\" \/>[\/siteorigin_widget]<\/div><div id=\"panel-7274-6-0-1\" class=\"so-panel widget widget_siteorigin-panels-builder panel-last-child\" data-index=\"13\" data-style=\"{\"background_display\":\"tile\"}\"><div id=\"pl-w61f7f3ed60bd7\" class=\"panel-layout\"><div id=\"pg-w61f7f3ed60bd7-0\" class=\"panel-grid panel-no-style\" data-style=\"{\"id\":\"\",\"class\":\"\",\"cell_class\":\"\",\"row_css\":\"\",\"bottom_margin\":\"\",\"gutter\":\"\",\"padding\":\"\",\"mobile_padding\":\"\",\"row_stretch\":\"\",\"collapse_order\":\"\",\"top_padding\":\"\",\"bottom_padding\":\"\",\"tablet_top_padding\":\"\",\"tablet_bottom_padding\":\"\",\"mobile_top_padding\":\"\",\"mobile_bottom_padding\":\"\",\"background\":\"\",\"background_image_attachment\":\"0\",\"background_display\":\"tile\",\"border_color\":\"\"}\"><div id=\"pgc-w61f7f3ed60bd7-0-0\" class=\"panel-grid-cell\" data-weight=\"0.4\"><div id=\"panel-w61f7f3ed60bd7-0-0-0\" class=\"so-panel widget widget_lk-title panel-first-child\" data-index=\"0\" data-style=\"{\"class\":\"\",\"widget_css\":\"\",\"padding\":\"\",\"mobile_padding\":\"\",\"background\":\"\",\"background_image_attachment\":\"0\",\"background_display\":\"tile\",\"border_color\":\"\",\"font_color\":\"\",\"link_color\":\"\"}\">[siteorigin_widget class=\"LkTitle_Widget\"]<input type=\"hidden\" value=\"{\"instance\":{\"lk_title\":\"Pourquoi choisir nova\",\"lk_title_color\":\"grey\",\"lk_title_style\":\"style-2\",\"_sow_form_id\":\"58e65053ba58f\",\"so_sidebar_emulator_id\":\"lk-title-727420000\",\"option_name\":\"widget_lk-title\"},\"args\":{\"before_widget\":\"<div id=\\\"panel-w61f7f3ed60bd7-0-0-0\\\" class=\\\"so-panel widget widget_lk-title panel-first-child\\\" data-index=\\\"0\\\" data-style=\\\"{\"class\":\"\",\"widget_css\":\"\",\"padding\":\"\",\"mobile_padding\":\"\",\"background\":\"\",\"background_image_attachment\":\"0\",\"background_display\":\"tile\",\"border_color\":\"\",\"font_color\":\"\",\"link_color\":\"\"}\\\" >\",\"after_widget\":\"<\\\/div>\",\"before_title\":\"<h3 class=\\\"widget-title\\\">\",\"after_title\":\"<\\\/h3>\",\"widget_id\":\"widget-0-0-0\"}}\" \/>[\/siteorigin_widget]<\/div><div id=\"panel-w61f7f3ed60bd7-0-0-1\" class=\"so-panel widget widget_lk-icon\" data-index=\"1\" data-style=\"{\"class\":\"\",\"widget_css\":\"\",\"padding\":\"\",\"mobile_padding\":\"\",\"background\":\"\",\"background_image_attachment\":\"0\",\"background_display\":\"tile\",\"border_color\":\"\",\"font_color\":\"\",\"link_color\":\"\"}\">[siteorigin_widget class=\"Lkicon_Widget\"]<input type=\"hidden\" value=\"{\"instance\":{\"lk_icon_picto\":\"icon-icon_marques\",\"lk_icon_data\":\"\",\"lk_icon_text\":\"Marques internationnales\",\"lk_icon_color\":\"yellow-bg\",\"lk_icon_style\":\"style-3\",\"lk_icon_lien\":\"\",\"_sow_form_id\":\"58e65250a2d64\",\"so_sidebar_emulator_id\":\"lk-icon-727420001\",\"option_name\":\"widget_lk-icon\"},\"args\":{\"before_widget\":\"<div id=\\\"panel-w61f7f3ed60bd7-0-0-1\\\" class=\\\"so-panel widget widget_lk-icon\\\" data-index=\\\"1\\\" data-style=\\\"{\"class\":\"\",\"widget_css\":\"\",\"padding\":\"\",\"mobile_padding\":\"\",\"background\":\"\",\"background_image_attachment\":\"0\",\"background_display\":\"tile\",\"border_color\":\"\",\"font_color\":\"\",\"link_color\":\"\"}\\\" >\",\"after_widget\":\"<\\\/div>\",\"before_title\":\"<h3 class=\\\"widget-title\\\">\",\"after_title\":\"<\\\/h3>\",\"widget_id\":\"widget-0-0-1\"}}\" \/>[\/siteorigin_widget]<\/div><div id=\"panel-w61f7f3ed60bd7-0-0-2\" class=\"so-panel widget widget_lk-icon\" data-index=\"2\" data-style=\"{\"class\":\"\",\"widget_css\":\"\",\"padding\":\"\",\"mobile_padding\":\"\",\"background\":\"\",\"background_image_attachment\":\"0\",\"background_display\":\"tile\",\"border_color\":\"\",\"font_color\":\"\",\"link_color\":\"\"}\">[siteorigin_widget class=\"Lkicon_Widget\"]<input type=\"hidden\" value=\"{\"instance\":{\"lk_icon_picto\":\"icon-icon_expert\",\"lk_icon_data\":\"\",\"lk_icon_text\":\"\\u00c9quipes d'experts\",\"lk_icon_color\":\"grey-bg\",\"lk_icon_style\":\"style-3\",\"lk_icon_lien\":\"\",\"_sow_form_id\":\"58e652895357e\",\"so_sidebar_emulator_id\":\"lk-icon-727420002\",\"option_name\":\"widget_lk-icon\"},\"args\":{\"before_widget\":\"<div id=\\\"panel-w61f7f3ed60bd7-0-0-2\\\" class=\\\"so-panel widget widget_lk-icon\\\" data-index=\\\"2\\\" data-style=\\\"{\"class\":\"\",\"widget_css\":\"\",\"padding\":\"\",\"mobile_padding\":\"\",\"background\":\"\",\"background_image_attachment\":\"0\",\"background_display\":\"tile\",\"border_color\":\"\",\"font_color\":\"\",\"link_color\":\"\"}\\\" >\",\"after_widget\":\"<\\\/div>\",\"before_title\":\"<h3 class=\\\"widget-title\\\">\",\"after_title\":\"<\\\/h3>\",\"widget_id\":\"widget-0-0-2\"}}\" \/>[\/siteorigin_widget]<\/div><div id=\"panel-w61f7f3ed60bd7-0-0-3\" class=\"so-panel widget widget_lk-icon\" data-index=\"3\" data-style=\"{\"id\":\"\",\"class\":\"\",\"widget_css\":\"\",\"mobile_css\":\"\",\"padding\":\"\",\"mobile_padding\":\"\",\"background\":\"\",\"background_image_attachment\":\"0\",\"background_display\":\"tile\",\"border_color\":\"\",\"font_color\":\"\",\"link_color\":\"\"}\">[siteorigin_widget class=\"Lkicon_Widget\"]<input type=\"hidden\" value=\"{\"instance\":{\"lk_icon_picto\":\"icon-icon_loueur_regional\",\"lk_icon_data\":\"\",\"lk_icon_text\":\"Premier loueur r\\u00e9gional\",\"lk_icon_color\":\"yellow-bg\",\"lk_icon_style\":\"style-3\",\"lk_icon_lien\":\"\",\"_sow_form_id\":\"58e65288e205f\",\"_sow_form_timestamp\":\"1500646881522\",\"so_sidebar_emulator_id\":\"lk-icon-727420003\",\"option_name\":\"widget_lk-icon\"},\"args\":{\"before_widget\":\"<div id=\\\"panel-w61f7f3ed60bd7-0-0-3\\\" class=\\\"so-panel widget widget_lk-icon\\\" data-index=\\\"3\\\" data-style=\\\"{\"id\":\"\",\"class\":\"\",\"widget_css\":\"\",\"mobile_css\":\"\",\"padding\":\"\",\"mobile_padding\":\"\",\"background\":\"\",\"background_image_attachment\":\"0\",\"background_display\":\"tile\",\"border_color\":\"\",\"font_color\":\"\",\"link_color\":\"\"}\\\" >\",\"after_widget\":\"<\\\/div>\",\"before_title\":\"<h3 class=\\\"widget-title\\\">\",\"after_title\":\"<\\\/h3>\",\"widget_id\":\"widget-0-0-3\"}}\" \/>[\/siteorigin_widget]<\/div><div id=\"panel-w61f7f3ed60bd7-0-0-4\" class=\"so-panel widget widget_lk-icon panel-last-child\" data-index=\"4\" data-style=\"{\"class\":\"\",\"widget_css\":\"\",\"padding\":\"\",\"mobile_padding\":\"\",\"background\":\"\",\"background_image_attachment\":\"0\",\"background_display\":\"tile\",\"border_color\":\"\",\"font_color\":\"\",\"link_color\":\"\"}\">[siteorigin_widget class=\"Lkicon_Widget\"]<input type=\"hidden\" value=\"{\"instance\":{\"lk_icon_picto\":\"icon-icon_sav\",\"lk_icon_data\":\"\",\"lk_icon_text\":\"SAV 6j\\\/7\",\"lk_icon_color\":\"grey-bg\",\"lk_icon_style\":\"style-3\",\"lk_icon_lien\":\"\",\"_sow_form_id\":\"58e6528895774\",\"so_sidebar_emulator_id\":\"lk-icon-727420004\",\"option_name\":\"widget_lk-icon\"},\"args\":{\"before_widget\":\"<div id=\\\"panel-w61f7f3ed60bd7-0-0-4\\\" class=\\\"so-panel widget widget_lk-icon panel-last-child\\\" data-index=\\\"4\\\" data-style=\\\"{\"class\":\"\",\"widget_css\":\"\",\"padding\":\"\",\"mobile_padding\":\"\",\"background\":\"\",\"background_image_attachment\":\"0\",\"background_display\":\"tile\",\"border_color\":\"\",\"font_color\":\"\",\"link_color\":\"\"}\\\" >\",\"after_widget\":\"<\\\/div>\",\"before_title\":\"<h3 class=\\\"widget-title\\\">\",\"after_title\":\"<\\\/h3>\",\"widget_id\":\"widget-0-0-4\"}}\" \/>[\/siteorigin_widget]<\/div><\/div><div id=\"pgc-w61f7f3ed60bd7-0-1\" class=\"panel-grid-cell\" data-weight=\"0.6\"><div id=\"panel-w61f7f3ed60bd7-0-1-0\" class=\"so-panel widget widget_lk-accordion panel-first-child panel-last-child\" data-index=\"5\" data-style=\"{\"id\":\"\",\"class\":\"\",\"widget_css\":\"\",\"mobile_css\":\"\",\"padding\":\"\",\"mobile_padding\":\"\",\"background\":\"\",\"background_image_attachment\":\"0\",\"background_display\":\"tile\",\"border_color\":\"\",\"font_color\":\"\",\"link_color\":\"\"}\">[siteorigin_widget class=\"LK_Accordion_Widget\"]<input type=\"hidden\" value=\"{\"instance\":{\"title\":\"Nos services\",\"style-font\":\"light\",\"accordion\":[{\"title\":\"SAV\",\"panel_content\":\"Chacune de nos bases est constitu\\u00e9e d\\u2019un atelier<\\\/strong> en charge des r\\u00e9visions et r\\u00e9parations de machines de toutes marques<\\\/strong>. Nova dispose \\u00e9galement d\\u2019ateliers mobiles<\\\/strong> permettant \\u00e0 nos techniciens d\\u2019intervenir directement chez nos clients<\\\/strong> dans les meilleurs d\\u00e9lais.\\u00a0Nova c\\u2019est \\u00e9galement un service d\\u2019astreinte 6j\\\/7<\\\/strong> pour r\\u00e9pondre aux urgences. Notre objectif\\u00a0: optimiser le service apr\\u00e8s-vente et vous permettre de retourner \\u00e0 vos activit\\u00e9s le plus rapidement possible.<\\\/p>\",\"panel_content_selected_editor\":\"tinymce\"},{\"title\":\"Libre-service\",\"panel_content\":\"Le libre-service selon Nova c\\u2019est un espace de 400m<\\\/strong>\\u00b2<\\\/strong> au minimum<\\\/strong> proposant du mat\\u00e9riel d\\u2019espaces verts et agricole, de l\\u2019outillage, de la boulonnerie, des pi\\u00e8ces d\\u00e9tach\\u00e9es toutes marques, de la cl\\u00f4ture, des jouets et du textile\\u2026 Des magasiniers <\\\/strong>vous accueillent <\\\/strong>et vous conseillent toute la semaine de 8h \\u00e0 18h et le samedi de 8h \\u00e0 17h pour vous procurer le meilleur des services. Nova vous garantit un rapide approvisionnement<\\\/strong> de pi\\u00e8ces qui s\\u2019effectue en g\\u00e9n\\u00e9ral, sous 48h<\\\/strong> pour les plus grandes marques telles que John Deere, Stihl, Bobcat, etc... Les pi\\u00e8ces command\\u00e9es peuvent \\u00eatre aussi directement exp\\u00e9di\\u00e9es chez nos clients<\\\/strong>.\\u00a0 Notre but\\u00a0: vous satisfaire pleinement et dans les plus brefs d\\u00e9lais.<\\\/p>\",\"panel_content_selected_editor\":\"tinymce\"},{\"title\":\"Financement\",\"panel_content\":\"Deux types de financement sont envisageables\\u00a0: le financement dit classique et le cr\\u00e9dit-bail. Le groupe Nova vous facilite les d\\u00e9marches<\\\/strong> et vous propose le meilleur bar\\u00e8me possible. La soci\\u00e9t\\u00e9 s\\u2019occupe pour vous de trouver les meilleurs taux<\\\/strong>. Choisir un financement via Nova c\\u2019est choisir un service de financement pr\\u00eat \\u00e0 l\\u2019emploi<\\\/strong>.<\\\/p>\",\"panel_content_selected_editor\":\"tinymce\"}],\"_sow_form_id\":\"58e6566738837\",\"_sow_form_timestamp\":\"1500447540272\",\"toggle\":false,\"so_sidebar_emulator_id\":\"lk-accordion-727420005\",\"option_name\":\"widget_lk-accordion\"},\"args\":{\"before_widget\":\"<div id=\\\"panel-w61f7f3ed60bd7-0-1-0\\\" class=\\\"so-panel widget widget_lk-accordion panel-first-child panel-last-child\\\" data-index=\\\"5\\\" data-style=\\\"{\"id\":\"\",\"class\":\"\",\"widget_css\":\"\",\"mobile_css\":\"\",\"padding\":\"\",\"mobile_padding\":\"\",\"background\":\"\",\"background_image_attachment\":\"0\",\"background_display\":\"tile\",\"border_color\":\"\",\"font_color\":\"\",\"link_color\":\"\"}\\\" >\",\"after_widget\":\"<\\\/div>\",\"before_title\":\"<h3 class=\\\"widget-title\\\">\",\"after_title\":\"<\\\/h3>\",\"widget_id\":\"widget-0-1-0\"}}\" \/>[\/siteorigin_widget]<\/div><\/div><\/div><\/div><\/div><\/div><\/div><\/div><\/div>","_et_gb_content_width":"","om_disable_all_campaigns":false,"_monsterinsights_skip_tracking":false,"_monsterinsights_sitenote_active":false,"_monsterinsights_sitenote_note":"","_monsterinsights_sitenote_category":0,"_uf_show_specific_survey":0,"_uf_disable_surveys":false,"footnotes":""},"class_list":["post-42314","page","type-page","status-publish","has-post-thumbnail","hentry"],"acf":[],"yoast_head":"<!-- This site is optimized with the Yoast SEO plugin v27.2 - https:\/\/yoast.com\/product\/yoast-seo-wordpress\/ -->\n<title>ETESIA Transport et Manutention : ET-LANDER - Nova-Groupe<\/title>\n<meta name=\"description\" content=\"ETESIA Transport et Manutention : ET-LANDER en distribution sur le secteur sud est de la France chez NOVA.\" \/>\n<meta name=\"robots\" content=\"index, follow, max-snippet:-1, max-image-preview:large, max-video-preview:-1\" \/>\n<link rel=\"canonical\" href=\"https:\/\/www.nova-groupe.fr\/fr\/nos-marques\/mobilite\/etesia-transport-et-manutention-et-lander\/\" \/>\n<meta property=\"og:locale\" content=\"fr_FR\" \/>\n<meta property=\"og:type\" content=\"article\" \/>\n<meta property=\"og:title\" content=\"ETESIA Transport et Manutention : ET-LANDER - Nova-Groupe\" \/>\n<meta property=\"og:description\" content=\"ETESIA Transport et Manutention : ET-LANDER en distribution sur le secteur sud est de la France chez NOVA.\" \/>\n<meta property=\"og:url\" content=\"https:\/\/www.nova-groupe.fr\/fr\/nos-marques\/mobilite\/etesia-transport-et-manutention-et-lander\/\" \/>\n<meta property=\"og:site_name\" content=\"Nova-Groupe\" \/>\n<meta property=\"article:publisher\" content=\"https:\/\/www.facebook.com\/Nova-Groupe-170173286757302\/\" \/>\n<meta property=\"article:modified_time\" content=\"2024-02-05T09:03:51+00:00\" \/>\n<meta property=\"og:image\" content=\"https:\/\/www.nova-groupe.fr\/wp-content\/uploads\/2017\/04\/couverture-04-2018.jpg\" \/>\n\t<meta property=\"og:image:width\" content=\"3542\" \/>\n\t<meta property=\"og:image:height\" content=\"1313\" \/>\n\t<meta property=\"og:image:type\" content=\"image\/jpeg\" \/>\n<meta name=\"twitter:card\" content=\"summary_large_image\" \/>\n<meta name=\"twitter:label1\" content=\"Dur\u00e9e de lecture estim\u00e9e\" \/>\n\t<meta name=\"twitter:data1\" content=\"10 minutes\" \/>\n<script type=\"application\/ld+json\" class=\"yoast-schema-graph\">{\"@context\":\"https:\/\/schema.org\",\"@graph\":[{\"@type\":\"WebPage\",\"@id\":\"https:\/\/www.nova-groupe.fr\/fr\/nos-marques\/mobilite\/etesia-transport-et-manutention-et-lander\/\",\"url\":\"https:\/\/www.nova-groupe.fr\/fr\/nos-marques\/mobilite\/etesia-transport-et-manutention-et-lander\/\",\"name\":\"ETESIA Transport et Manutention : ET-LANDER - Nova-Groupe\",\"isPartOf\":{\"@id\":\"https:\/\/www.nova-groupe.fr\/fr\/#website\"},\"primaryImageOfPage\":{\"@id\":\"https:\/\/www.nova-groupe.fr\/fr\/nos-marques\/mobilite\/etesia-transport-et-manutention-et-lander\/#primaryimage\"},\"image\":{\"@id\":\"https:\/\/www.nova-groupe.fr\/fr\/nos-marques\/mobilite\/etesia-transport-et-manutention-et-lander\/#primaryimage\"},\"thumbnailUrl\":\"https:\/\/www.nova-groupe.fr\/wp-content\/uploads\/2023\/12\/logo.svg\",\"datePublished\":\"2023-12-07T09:29:16+00:00\",\"dateModified\":\"2024-02-05T09:03:51+00:00\",\"description\":\"ETESIA Transport et Manutention : ET-LANDER en distribution sur le secteur sud est de la France chez NOVA.\",\"breadcrumb\":{\"@id\":\"https:\/\/www.nova-groupe.fr\/fr\/nos-marques\/mobilite\/etesia-transport-et-manutention-et-lander\/#breadcrumb\"},\"inLanguage\":\"fr-FR\",\"potentialAction\":[{\"@type\":\"ReadAction\",\"target\":[\"https:\/\/www.nova-groupe.fr\/fr\/nos-marques\/mobilite\/etesia-transport-et-manutention-et-lander\/\"]}]},{\"@type\":\"ImageObject\",\"inLanguage\":\"fr-FR\",\"@id\":\"https:\/\/www.nova-groupe.fr\/fr\/nos-marques\/mobilite\/etesia-transport-et-manutention-et-lander\/#primaryimage\",\"url\":\"https:\/\/www.nova-groupe.fr\/wp-content\/uploads\/2023\/12\/logo.svg\",\"contentUrl\":\"https:\/\/www.nova-groupe.fr\/wp-content\/uploads\/2023\/12\/logo.svg\",\"caption\":\"logo etesia\"},{\"@type\":\"BreadcrumbList\",\"@id\":\"https:\/\/www.nova-groupe.fr\/fr\/nos-marques\/mobilite\/etesia-transport-et-manutention-et-lander\/#breadcrumb\",\"itemListElement\":[{\"@type\":\"ListItem\",\"position\":1,\"name\":\"Accueil\",\"item\":\"https:\/\/www.nova-groupe.fr\/fr\/\"},{\"@type\":\"ListItem\",\"position\":2,\"name\":\"Nos marques\",\"item\":\"https:\/\/www.nova-groupe.fr\/fr\/nos-marques\/\"},{\"@type\":\"ListItem\",\"position\":3,\"name\":\"Mobilit\u00e9\",\"item\":\"https:\/\/www.nova-groupe.fr\/fr\/nos-marques\/mobilite\/\"},{\"@type\":\"ListItem\",\"position\":4,\"name\":\"Location de mat\u00e9riel d\u2019entretien espaces verts , agricole et btp\"}]},{\"@type\":\"WebSite\",\"@id\":\"https:\/\/www.nova-groupe.fr\/fr\/#website\",\"url\":\"https:\/\/www.nova-groupe.fr\/fr\/\",\"name\":\"Nova-Groupe\",\"description\":\"Vente et location de mat\u00e9riel agricole, BTP, espaces verts et environnement\",\"potentialAction\":[{\"@type\":\"SearchAction\",\"target\":{\"@type\":\"EntryPoint\",\"urlTemplate\":\"https:\/\/www.nova-groupe.fr\/fr\/?s={search_term_string}\"},\"query-input\":{\"@type\":\"PropertyValueSpecification\",\"valueRequired\":true,\"valueName\":\"search_term_string\"}}],\"inLanguage\":\"fr-FR\"}]}<\/script>\n<!-- \/ Yoast SEO plugin. -->","yoast_head_json":{"title":"ETESIA Transport et Manutention : ET-LANDER - Nova-Groupe","description":"ETESIA Transport et Manutention : ET-LANDER en distribution sur le secteur sud est de la France chez NOVA.","robots":{"index":"index","follow":"follow","max-snippet":"max-snippet:-1","max-image-preview":"max-image-preview:large","max-video-preview":"max-video-preview:-1"},"canonical":"https:\/\/www.nova-groupe.fr\/fr\/nos-marques\/mobilite\/etesia-transport-et-manutention-et-lander\/","og_locale":"fr_FR","og_type":"article","og_title":"ETESIA Transport et Manutention : ET-LANDER - Nova-Groupe","og_description":"ETESIA Transport et Manutention : ET-LANDER en distribution sur le secteur sud est de la France chez NOVA.","og_url":"https:\/\/www.nova-groupe.fr\/fr\/nos-marques\/mobilite\/etesia-transport-et-manutention-et-lander\/","og_site_name":"Nova-Groupe","article_publisher":"https:\/\/www.facebook.com\/Nova-Groupe-170173286757302\/","article_modified_time":"2024-02-05T09:03:51+00:00","og_image":[{"width":3542,"height":1313,"url":"https:\/\/www.nova-groupe.fr\/wp-content\/uploads\/2017\/04\/couverture-04-2018.jpg","type":"image\/jpeg"}],"twitter_card":"summary_large_image","twitter_misc":{"Dur\u00e9e de lecture estim\u00e9e":"10 minutes"},"schema":{"@context":"https:\/\/schema.org","@graph":[{"@type":"WebPage","@id":"https:\/\/www.nova-groupe.fr\/fr\/nos-marques\/mobilite\/etesia-transport-et-manutention-et-lander\/","url":"https:\/\/www.nova-groupe.fr\/fr\/nos-marques\/mobilite\/etesia-transport-et-manutention-et-lander\/","name":"ETESIA Transport et Manutention : ET-LANDER - Nova-Groupe","isPartOf":{"@id":"https:\/\/www.nova-groupe.fr\/fr\/#website"},"primaryImageOfPage":{"@id":"https:\/\/www.nova-groupe.fr\/fr\/nos-marques\/mobilite\/etesia-transport-et-manutention-et-lander\/#primaryimage"},"image":{"@id":"https:\/\/www.nova-groupe.fr\/fr\/nos-marques\/mobilite\/etesia-transport-et-manutention-et-lander\/#primaryimage"},"thumbnailUrl":"https:\/\/www.nova-groupe.fr\/wp-content\/uploads\/2023\/12\/logo.svg","datePublished":"2023-12-07T09:29:16+00:00","dateModified":"2024-02-05T09:03:51+00:00","description":"ETESIA Transport et Manutention : ET-LANDER en distribution sur le secteur sud est de la France chez NOVA.","breadcrumb":{"@id":"https:\/\/www.nova-groupe.fr\/fr\/nos-marques\/mobilite\/etesia-transport-et-manutention-et-lander\/#breadcrumb"},"inLanguage":"fr-FR","potentialAction":[{"@type":"ReadAction","target":["https:\/\/www.nova-groupe.fr\/fr\/nos-marques\/mobilite\/etesia-transport-et-manutention-et-lander\/"]}]},{"@type":"ImageObject","inLanguage":"fr-FR","@id":"https:\/\/www.nova-groupe.fr\/fr\/nos-marques\/mobilite\/etesia-transport-et-manutention-et-lander\/#primaryimage","url":"https:\/\/www.nova-groupe.fr\/wp-content\/uploads\/2023\/12\/logo.svg","contentUrl":"https:\/\/www.nova-groupe.fr\/wp-content\/uploads\/2023\/12\/logo.svg","caption":"logo etesia"},{"@type":"BreadcrumbList","@id":"https:\/\/www.nova-groupe.fr\/fr\/nos-marques\/mobilite\/etesia-transport-et-manutention-et-lander\/#breadcrumb","itemListElement":[{"@type":"ListItem","position":1,"name":"Accueil","item":"https:\/\/www.nova-groupe.fr\/fr\/"},{"@type":"ListItem","position":2,"name":"Nos marques","item":"https:\/\/www.nova-groupe.fr\/fr\/nos-marques\/"},{"@type":"ListItem","position":3,"name":"Mobilit\u00e9","item":"https:\/\/www.nova-groupe.fr\/fr\/nos-marques\/mobilite\/"},{"@type":"ListItem","position":4,"name":"Location de mat\u00e9riel d\u2019entretien espaces verts , agricole et btp"}]},{"@type":"WebSite","@id":"https:\/\/www.nova-groupe.fr\/fr\/#website","url":"https:\/\/www.nova-groupe.fr\/fr\/","name":"Nova-Groupe","description":"Vente et location de mat\u00e9riel agricole, BTP, espaces verts et environnement","potentialAction":[{"@type":"SearchAction","target":{"@type":"EntryPoint","urlTemplate":"https:\/\/www.nova-groupe.fr\/fr\/?s={search_term_string}"},"query-input":{"@type":"PropertyValueSpecification","valueRequired":true,"valueName":"search_term_string"}}],"inLanguage":"fr-FR"}]}},"_links":{"self":[{"href":"https:\/\/www.nova-groupe.fr\/fr\/wp-json\/wp\/v2\/pages\/42314","targetHints":{"allow":["GET"]}}],"collection":[{"href":"https:\/\/www.nova-groupe.fr\/fr\/wp-json\/wp\/v2\/pages"}],"about":[{"href":"https:\/\/www.nova-groupe.fr\/fr\/wp-json\/wp\/v2\/types\/page"}],"author":[{"embeddable":true,"href":"https:\/\/www.nova-groupe.fr\/fr\/wp-json\/wp\/v2\/users\/3"}],"replies":[{"embeddable":true,"href":"https:\/\/www.nova-groupe.fr\/fr\/wp-json\/wp\/v2\/comments?post=42314"}],"version-history":[{"count":10,"href":"https:\/\/www.nova-groupe.fr\/fr\/wp-json\/wp\/v2\/pages\/42314\/revisions"}],"predecessor-version":[{"id":42609,"href":"https:\/\/www.nova-groupe.fr\/fr\/wp-json\/wp\/v2\/pages\/42314\/revisions\/42609"}],"up":[{"embeddable":true,"href":"https:\/\/www.nova-groupe.fr\/fr\/wp-json\/wp\/v2\/pages\/42209"}],"wp:featuredmedia":[{"embeddable":true,"href":"https:\/\/www.nova-groupe.fr\/fr\/wp-json\/wp\/v2\/media\/42358"}],"wp:attachment":[{"href":"https:\/\/www.nova-groupe.fr\/fr\/wp-json\/wp\/v2\/media?parent=42314"}],"curies":[{"name":"wp","href":"https:\/\/api.w.org\/{rel}","templated":true}]}}